{"id":356,"date":"2021-04-08T09:29:51","date_gmt":"2021-04-08T07:29:51","guid":{"rendered":"http:\/\/192.0.0.130\/wordpress\/?page_id=356"},"modified":"2026-04-07T13:49:50","modified_gmt":"2026-04-07T11:49:50","slug":"les-representants-des-usagers","status":"publish","type":"page","link":"https:\/\/www.ch-shm.fr\/?page_id=356","title":{"rendered":"Repr\u00e9sentants des Usagers (RU) Bourbonne-les-Bains"},"content":{"rendered":"\t\t<div data-elementor-type=\"wp-page\" data-elementor-id=\"356\" class=\"elementor elementor-356\">\n\t\t\t\t\t\t<section class=\"elementor-section elementor-top-section elementor-element elementor-element-17f9b1d elementor-section-boxed elementor-section-height-default elementor-section-height-default\" data-id=\"17f9b1d\" data-element_type=\"section\">\n\t\t\t\t\t\t<div class=\"elementor-container elementor-column-gap-default\">\n\t\t\t\t\t<div class=\"elementor-column elementor-col-100 elementor-top-column elementor-element elementor-element-ab86243\" data-id=\"ab86243\" data-element_type=\"column\">\n\t\t\t<div class=\"elementor-widget-wrap elementor-element-populated\">\n\t\t\t\t\t\t<div class=\"elementor-element elementor-element-afa9b02 elementor-widget elementor-widget-heading\" data-id=\"afa9b02\" data-element_type=\"widget\" data-widget_type=\"heading.default\">\n\t\t\t\t<div class=\"elementor-widget-container\">\n\t\t\t\t\t<h2 class=\"elementor-heading-title elementor-size-large\">Relation avec les usagers<\/h2>\t\t\t\t<\/div>\n\t\t\t\t<\/div>\n\t\t\t\t\t<\/div>\n\t\t<\/div>\n\t\t\t\t\t<\/div>\n\t\t<\/section>\n\t\t\t\t<section class=\"elementor-section elementor-top-section elementor-element elementor-element-8d4cfb1 elementor-section-boxed elementor-section-height-default elementor-section-height-default\" data-id=\"8d4cfb1\" data-element_type=\"section\">\n\t\t\t\t\t\t<div class=\"elementor-container elementor-column-gap-default\">\n\t\t\t\t\t<div class=\"elementor-column elementor-col-100 elementor-top-column elementor-element elementor-element-464ecac\" data-id=\"464ecac\" data-element_type=\"column\">\n\t\t\t<div class=\"elementor-widget-wrap elementor-element-populated\">\n\t\t\t\t\t\t<div class=\"elementor-element elementor-element-e8d8624 elementor-widget elementor-widget-heading\" data-id=\"e8d8624\" data-element_type=\"widget\" data-widget_type=\"heading.default\">\n\t\t\t\t<div class=\"elementor-widget-container\">\n\t\t\t\t\t<h2 class=\"elementor-heading-title elementor-size-default\"><span style=\", sans-serif;font-size: 25px;font-style: normal;font-weight: 300;text-align: justify;white-space: normal\">Commission Des Usagers (CDU ex CRUQPC)<\/span><\/h2>\t\t\t\t<\/div>\n\t\t\t\t<\/div>\n\t\t\t\t\t<\/div>\n\t\t<\/div>\n\t\t\t\t\t<\/div>\n\t\t<\/section>\n\t\t\t\t<section class=\"elementor-section elementor-top-section elementor-element elementor-element-d0c22af elementor-section-boxed elementor-section-height-default elementor-section-height-default\" data-id=\"d0c22af\" data-element_type=\"section\">\n\t\t\t\t\t\t<div class=\"elementor-container elementor-column-gap-default\">\n\t\t\t\t\t<div class=\"elementor-column elementor-col-100 elementor-top-column elementor-element elementor-element-11fd525\" data-id=\"11fd525\" data-element_type=\"column\">\n\t\t\t<div class=\"elementor-widget-wrap elementor-element-populated\">\n\t\t\t\t\t\t<div class=\"elementor-element elementor-element-85b1ac8 elementor-widget elementor-widget-text-editor\" data-id=\"85b1ac8\" data-element_type=\"widget\" data-widget_type=\"text-editor.default\">\n\t\t\t\t<div class=\"elementor-widget-container\">\n\t\t\t\t\t\t\t\t\t<p style=\"text-align: left;\"><span style=\"color: #00003f;\">La loi du 2 janvier 2002 reconna\u00eet \u00e0 l\u2019usager ses droits:<\/span><br \/><span style=\"color: #00003f;\">&#8211; Droit d\u2019\u00eatre inform\u00e9 et de donner son consentement. Ce consentement doit \u00eatre \u00e9clair\u00e9, pr\u00e9c\u00e9d\u00e9 d\u2019une information suffisante, d\u00e9livr\u00e9e en termes simples et compr\u00e9hensibles.<\/span><br \/><span style=\"color: #00003f;\">&#8211; Droit de participer \u00e0 la mise en \u0153uvre de son projet de soins individualis\u00e9.<\/span><br \/><span style=\"color: #00003f;\">&#8211; Droit de s\u2019exprimer: le b\u00e9n\u00e9ficiaire doit pouvoir communiquer avec le service et ses responsables. Le service doit mettre en \u0153uvre l\u2019acc\u00e8s \u00e0 ce droit: visite r\u00e9guli\u00e8re de l\u2019IDEC, proc\u00e9dure de signalement d\u2019un incident ou de r\u00e9clamation, imprim\u00e9 d\u00e9signant la personne de confiance.<\/span><\/p><p style=\"text-align: left;\"><span style=\"color: #00003f;\">D\u00e9cret n\u00b02016-726 du 1 juin 2016<\/span><\/p><p style=\"text-align: left;\"><span style=\"color: #00003f;\">Les usagers sont associ\u00e9s au fonctionnement du centre hospitalier, ils sont repr\u00e9sent\u00e9s dans plusieurs instances dont la commission des usagers.<\/span><br \/><span style=\"color: #00003f;\">En cas de contestation ou r\u00e9clamation, vous pouvez demander au directeur de saisir la Commission Des Usagers. Pour cela vous devez lui adresser une simple lettre sp\u00e9cifiant clairement les motifs de votre r\u00e9clamation.<\/span><br \/><span style=\"color: #00003f;\">La commission des usagers se r\u00e9unit au moins quatre fois par an, elle a plusieurs missions :<\/span><\/p><p style=\"text-align: left;\"><span style=\"color: #00003f;\">\u2022 veiller au respect des droits des usagers<\/span><br \/><span style=\"color: #00003f;\">\u2022 contribuer \u00e0 l\u2019am\u00e9lioration de la qualit\u00e9 de l\u2019accueil et de la prise en charge des personnes malades et de leurs proches<\/span><br \/><span style=\"color: #00003f;\">\u2022 faciliter les d\u00e9marches des personnes<\/span><br \/><span style=\"color: #00003f;\">\u2022 veiller \u00e0 ce que les personnes puissent exprimer leurs griefs aupr\u00e8s des responsables de l\u2019\u00e9tablissement<\/span><br \/><span style=\"color: #00003f;\">\u2022 \u00e9mettre des avis et faire des propositions en ce qui concerne l\u2019accueil et la prise en charge.<\/span><\/p><p style=\"text-align: left;\"><span style=\"color: #00003f;\">La CDU est compos\u00e9e : d&rsquo;un repr\u00e9sentant l\u00e9gal de l&rsquo;\u00e9tablissement; de deux m\u00e9diateurs et leurs suppl\u00e9ants, un m\u00e9dical et son suppl\u00e9ant et un non m\u00e9dical et son suppl\u00e9ant; de deux repr\u00e9sentants des usagers et leurs suppl\u00e9ants; du Pr\u00e9sident de la Commission M\u00e9dicale d&rsquo;Etablissement; d&rsquo;un un repr\u00e9sentant de la commission du service de soins infirmier; d&rsquo;un repr\u00e9sentant du personnel; d&rsquo;un repr\u00e9sentant du conseil de surveillance; Le responsable qualit\u00e9.<\/span><\/p><p style=\"text-align: left;\"><span style=\"color: #00003f;\">La commission est inform\u00e9e de l\u2019ensemble des plaintes et r\u00e9clamations des usagers ainsi que des suites qui y sont donn\u00e9es<\/span><\/p>\t\t\t\t\t\t\t\t<\/div>\n\t\t\t\t<\/div>\n\t\t\t\t\t<\/div>\n\t\t<\/div>\n\t\t\t\t\t<\/div>\n\t\t<\/section>\n\t\t\t\t<section class=\"elementor-section elementor-top-section elementor-element elementor-element-b8a3845 elementor-section-boxed elementor-section-height-default elementor-section-height-default\" data-id=\"b8a3845\" data-element_type=\"section\">\n\t\t\t\t\t\t<div class=\"elementor-container elementor-column-gap-default\">\n\t\t\t\t\t<div class=\"elementor-column elementor-col-100 elementor-top-column elementor-element elementor-element-a1b49f3\" data-id=\"a1b49f3\" data-element_type=\"column\">\n\t\t\t<div class=\"elementor-widget-wrap elementor-element-populated\">\n\t\t\t\t\t\t<div class=\"elementor-element elementor-element-80c4ed3 elementor-widget elementor-widget-heading\" data-id=\"80c4ed3\" data-element_type=\"widget\" data-widget_type=\"heading.default\">\n\t\t\t\t<div class=\"elementor-widget-container\">\n\t\t\t\t\t<h2 class=\"elementor-heading-title elementor-size-default\"><span style=\", sans-serif;font-size: 25px;font-style: normal;font-weight: 300;text-align: justify;white-space: normal\">Conseil de la Vie Sociale (CVS) EHPAD<\/span><\/h2>\t\t\t\t<\/div>\n\t\t\t\t<\/div>\n\t\t\t\t\t<\/div>\n\t\t<\/div>\n\t\t\t\t\t<\/div>\n\t\t<\/section>\n\t\t\t\t<section class=\"elementor-section elementor-top-section elementor-element elementor-element-3952083 elementor-section-boxed elementor-section-height-default elementor-section-height-default\" data-id=\"3952083\" data-element_type=\"section\">\n\t\t\t\t\t\t<div class=\"elementor-container elementor-column-gap-default\">\n\t\t\t\t\t<div class=\"elementor-column elementor-col-100 elementor-top-column elementor-element elementor-element-2db1592\" data-id=\"2db1592\" data-element_type=\"column\">\n\t\t\t<div class=\"elementor-widget-wrap elementor-element-populated\">\n\t\t\t\t\t\t<div class=\"elementor-element elementor-element-4859e2b elementor-widget elementor-widget-text-editor\" data-id=\"4859e2b\" data-element_type=\"widget\" data-widget_type=\"text-editor.default\">\n\t\t\t\t<div class=\"elementor-widget-container\">\n\t\t\t\t\t\t\t\t\t<p style=\"text-align: left;\"><span style=\"color: #00003f;\">Le Conseil de la Vie Sociale est une instance obligatoire consultative, mise en place par la loi n\u00b0 2002-2 du 02 janvier 2002.<\/span><br \/><span style=\"color: #00003f;\">Cette loi r\u00e9forme l&rsquo;action sociale et m\u00e9dico sociale. Elle vise \u00e0 d\u00e9velopper les droits des usagers qui fr\u00e9quentent les \u00e9tablissements et services sociaux et m\u00e9dico-sociaux. Le Conseil de la Vie Sociale (CVS) est un des 7 outils de d\u00e9veloppement des droits des usagers, d\u00e9fini par l&rsquo;article L311-3 du Code d&rsquo;Action Sociale et des Familles. Le CVS se r\u00e9unit au moins trois fois par an, sur convocation du Pr\u00e9sident. En fonction de l&rsquo;ordre du jour, le CVS peut inviter d&rsquo;autres personnes \u00e0 titre consultatif. Le CVS est une instance qui \u00e9met un avis sur :<\/span><\/p><p style=\"text-align: left;\"><br \/><span style=\"color: #00003f;\">\u2022 Le fonctionnement des services<\/span><br \/><span style=\"color: #00003f;\">\u2022 l&rsquo;organisation int\u00e9rieure<\/span><br \/><span style=\"color: #00003f;\">\u2022 La vie quotidienne<\/span><br \/><span style=\"color: #00003f;\">\u2022 Les activit\u00e9s<\/span><br \/><span style=\"color: #00003f;\">\u2022 L&rsquo;animation socioculturelle et institutionnelle<\/span><br \/><span style=\"color: #00003f;\">\u2022 Les services th\u00e9rapeutiques<\/span><br \/><span style=\"color: #00003f;\">\u2022 Les projets de travaux<\/span><br \/><span style=\"color: #00003f;\">\u2022 L&rsquo;affection des locaux<\/span><br \/><span style=\"color: #00003f;\">\u2022 L&rsquo;entretien des locaux<\/span><\/p><p style=\"text-align: left;\"><span style=\"color: #00003f;\">Le CVS est compos\u00e9 : de membres consultatifs; de repr\u00e9sentants des familles; de repr\u00e9sentants des r\u00e9sidents; de repr\u00e9sentants du conseil de surveillance; de repr\u00e9sentants du personnel; du Pr\u00e9sident, qui est \u00e9lu par et parmi les membres des repr\u00e9sentants des personnes accueillies. Les membres sont \u00e9lus pour une dur\u00e9e d&rsquo;un an au moins et de trois ans au plus.<\/span><br \/><span style=\"color: #00003f;\">Le CVS est un lieu d&rsquo;information, de consultation des usagers et de r\u00e9ponses aux interrogations des familles <strong><a style=\"color: #00003f;\" href=\"https:\/\/hopitalbourbonne.fr\/wp-content\/uploads\/2021\/04\/CVS-1.pdf\" target=\"_blank\" rel=\"noopener\">(plaquette CVS)<\/a><\/strong><\/span><\/p>\t\t\t\t\t\t\t\t<\/div>\n\t\t\t\t<\/div>\n\t\t\t\t\t<\/div>\n\t\t<\/div>\n\t\t\t\t\t<\/div>\n\t\t<\/section>\n\t\t\t\t<section class=\"elementor-section elementor-top-section elementor-element elementor-element-92aeef2 elementor-section-boxed elementor-section-height-default elementor-section-height-default\" data-id=\"92aeef2\" data-element_type=\"section\">\n\t\t\t\t\t\t<div class=\"elementor-container elementor-column-gap-default\">\n\t\t\t\t\t<div class=\"elementor-column elementor-col-100 elementor-top-column elementor-element elementor-element-a04acfa\" data-id=\"a04acfa\" data-element_type=\"column\">\n\t\t\t<div class=\"elementor-widget-wrap elementor-element-populated\">\n\t\t\t\t\t\t<div class=\"elementor-element elementor-element-33d331d elementor-widget elementor-widget-heading\" data-id=\"33d331d\" data-element_type=\"widget\" data-widget_type=\"heading.default\">\n\t\t\t\t<div class=\"elementor-widget-container\">\n\t\t\t\t\t<h2 class=\"elementor-heading-title elementor-size-default\">Plaintes et r\u00e9clamations<\/h2>\t\t\t\t<\/div>\n\t\t\t\t<\/div>\n\t\t\t\t<div class=\"elementor-element elementor-element-fc46528 elementor-widget elementor-widget-text-editor\" data-id=\"fc46528\" data-element_type=\"widget\" data-widget_type=\"text-editor.default\">\n\t\t\t\t<div class=\"elementor-widget-container\">\n\t\t\t\t\t\t\t\t\t<section class=\"elementor-section elementor-top-section elementor-element elementor-element-126b548 elementor-section-boxed elementor-section-height-default elementor-section-height-default\" data-id=\"126b548\" data-element_type=\"section\"><div class=\"elementor-container elementor-column-gap-default\"><div class=\"elementor-column elementor-col-100 elementor-top-column elementor-element elementor-element-7abadb7\" data-id=\"7abadb7\" data-element_type=\"column\"><div class=\"elementor-widget-wrap elementor-element-populated\"><div class=\"elementor-element elementor-element-ce780ab elementor-widget elementor-widget-text-editor\" data-id=\"ce780ab\" data-element_type=\"widget\" data-widget_type=\"text-editor.default\"><div class=\"elementor-widget-container\"><span style=\"color: #00003f;\">Les plaintes et r\u00e9clamations \u00e9crites doivent \u00eatre adress\u00e9es au Directeur de l\u2019\u00e9tablissement. <\/span><\/div><div>\u00a0<\/div><div class=\"elementor-widget-container\"><span style=\"color: #00003f;\">Une r\u00e9ponse seras adress\u00e9e dans les meilleurs d\u00e9lais apr\u00e8s informations prises aupr\u00e8s des services concern\u00e9s.<\/span><\/div><div>\u00a0<\/div><div class=\"elementor-widget-container\"><span style=\"color: #00003f;\">Si besoin une m\u00e9diation peut \u00eatre propos\u00e9e.<\/span><\/div><\/div><\/div><\/div><\/div><\/section>\t\t\t\t\t\t\t\t<\/div>\n\t\t\t\t<\/div>\n\t\t\t\t\t<\/div>\n\t\t<\/div>\n\t\t\t\t\t<\/div>\n\t\t<\/section>\n\t\t\t\t<section class=\"elementor-section elementor-top-section elementor-element elementor-element-824871c elementor-section-boxed elementor-section-height-default elementor-section-height-default\" data-id=\"824871c\" data-element_type=\"section\">\n\t\t\t\t\t\t<div class=\"elementor-container elementor-column-gap-default\">\n\t\t\t\t\t<div class=\"elementor-column elementor-col-100 elementor-top-column elementor-element elementor-element-83b62e9\" data-id=\"83b62e9\" data-element_type=\"column\">\n\t\t\t<div class=\"elementor-widget-wrap elementor-element-populated\">\n\t\t\t\t\t\t<div class=\"elementor-element elementor-element-b50d2d6 elementor-widget elementor-widget-heading\" data-id=\"b50d2d6\" data-element_type=\"widget\" data-widget_type=\"heading.default\">\n\t\t\t\t<div class=\"elementor-widget-container\">\n\t\t\t\t\t<h2 class=\"elementor-heading-title elementor-size-default\"><span style=\", sans-serif;font-size: 25px;font-style: normal;font-weight: 300;text-align: justify;white-space: normal\">LA CELLULE D'INFORMATION<\/span><\/h2>\t\t\t\t<\/div>\n\t\t\t\t<\/div>\n\t\t\t\t\t<\/div>\n\t\t<\/div>\n\t\t\t\t\t<\/div>\n\t\t<\/section>\n\t\t\t\t<section class=\"elementor-section elementor-top-section elementor-element elementor-element-6a301ad elementor-section-boxed elementor-section-height-default elementor-section-height-default\" data-id=\"6a301ad\" data-element_type=\"section\">\n\t\t\t\t\t\t<div class=\"elementor-container elementor-column-gap-default\">\n\t\t\t\t\t<div class=\"elementor-column elementor-col-100 elementor-top-column elementor-element elementor-element-690f390\" data-id=\"690f390\" data-element_type=\"column\">\n\t\t\t<div class=\"elementor-widget-wrap elementor-element-populated\">\n\t\t\t\t\t\t<div class=\"elementor-element elementor-element-5afa390 elementor-widget elementor-widget-text-editor\" data-id=\"5afa390\" data-element_type=\"widget\" data-widget_type=\"text-editor.default\">\n\t\t\t\t<div class=\"elementor-widget-container\">\n\t\t\t\t\t\t\t\t\t<p style=\"text-align: center;\"><span style=\"color: #00003f;\">Elle est compos\u00e9e d&rsquo;un membre du bureau des admissions, du service social et d&rsquo;un repr\u00e9sentant des usagers. Elle accueille et informe l&rsquo;usager. <br \/><\/span><\/p>\t\t\t\t\t\t\t\t<\/div>\n\t\t\t\t<\/div>\n\t\t\t\t\t<\/div>\n\t\t<\/div>\n\t\t\t\t\t<\/div>\n\t\t<\/section>\n\t\t\t\t<section class=\"elementor-section elementor-top-section elementor-element elementor-element-dad708f elementor-section-boxed elementor-section-height-default elementor-section-height-default\" data-id=\"dad708f\" data-element_type=\"section\">\n\t\t\t\t\t\t<div class=\"elementor-container elementor-column-gap-default\">\n\t\t\t\t\t<div class=\"elementor-column elementor-col-100 elementor-top-column elementor-element elementor-element-758da24\" data-id=\"758da24\" data-element_type=\"column\">\n\t\t\t<div class=\"elementor-widget-wrap elementor-element-populated\">\n\t\t\t\t\t\t<div class=\"elementor-element elementor-element-e4d0a49 elementor-widget elementor-widget-image\" data-id=\"e4d0a49\" data-element_type=\"widget\" data-widget_type=\"image.default\">\n\t\t\t\t<div class=\"elementor-widget-container\">\n\t\t\t\t\t\t\t\t\t\t\t\t\t\t\t<img fetchpriority=\"high\" decoding=\"async\" width=\"587\" height=\"140\" src=\"https:\/\/www.ch-shm.fr\/wp-content\/uploads\/2021\/04\/ddu.jpg\" class=\"attachment-medium_large size-medium_large wp-image-784\" alt=\"\" srcset=\"https:\/\/www.ch-shm.fr\/wp-content\/uploads\/2021\/04\/ddu.jpg 587w, https:\/\/www.ch-shm.fr\/wp-content\/uploads\/2021\/04\/ddu-300x72.jpg 300w\" sizes=\"(max-width: 587px) 100vw, 587px\" \/>\t\t\t\t\t\t\t\t\t\t\t\t\t\t\t<\/div>\n\t\t\t\t<\/div>\n\t\t\t\t\t<\/div>\n\t\t<\/div>\n\t\t\t\t\t<\/div>\n\t\t<\/section>\n\t\t\t\t<\/div>\n\t\t","protected":false},"excerpt":{"rendered":"<p>Relation avec les usagers Commission Des Usagers (CDU ex CRUQPC) La loi du 2 janvier 2002 reconna\u00eet \u00e0 l\u2019usager ses droits:&#8211; Droit d\u2019\u00eatre inform\u00e9 et de donner son consentement. Ce consentement doit \u00eatre \u00e9clair\u00e9, pr\u00e9c\u00e9d\u00e9 d\u2019une information suffisante, d\u00e9livr\u00e9e en termes simples et compr\u00e9hensibles.&#8211; Droit de participer \u00e0 la mise en \u0153uvre de son projet [&hellip;]<\/p>\n","protected":false},"author":1,"featured_media":0,"parent":54,"menu_order":0,"comment_status":"closed","ping_status":"closed","template":"","meta":{"ocean_post_layout":"full-screen","ocean_both_sidebars_style":"","ocean_both_sidebars_content_width":0,"ocean_both_sidebars_sidebars_width":0,"ocean_sidebar":"0","ocean_second_sidebar":"0","ocean_disable_margins":"enable","ocean_add_body_class":"","ocean_shortcode_before_top_bar":"","ocean_shortcode_after_top_bar":"","ocean_shortcode_before_header":"","ocean_shortcode_after_header":"","ocean_has_shortcode":"","ocean_shortcode_after_title":"","ocean_shortcode_before_footer_widgets":"","ocean_shortcode_after_footer_widgets":"","ocean_shortcode_before_footer_bottom":"","ocean_shortcode_after_footer_bottom":"","ocean_display_top_bar":"default","ocean_display_header":"default","ocean_header_style":"","ocean_center_header_left_menu":"0","ocean_custom_header_template":"0","ocean_custom_logo":0,"ocean_custom_retina_logo":0,"ocean_custom_logo_max_width":0,"ocean_custom_logo_tablet_max_width":0,"ocean_custom_logo_mobile_max_width":0,"ocean_custom_logo_max_height":0,"ocean_custom_logo_tablet_max_height":0,"ocean_custom_logo_mobile_max_height":0,"ocean_header_custom_menu":"0","ocean_menu_typo_font_family":"0","ocean_menu_typo_font_subset":"","ocean_menu_typo_font_size":0,"ocean_menu_typo_font_size_tablet":0,"ocean_menu_typo_font_size_mobile":0,"ocean_menu_typo_font_size_unit":"px","ocean_menu_typo_font_weight":"","ocean_menu_typo_font_weight_tablet":"","ocean_menu_typo_font_weight_mobile":"","ocean_menu_typo_transform":"","ocean_menu_typo_transform_tablet":"","ocean_menu_typo_transform_mobile":"","ocean_menu_typo_line_height":0,"ocean_menu_typo_line_height_tablet":0,"ocean_menu_typo_line_height_mobile":0,"ocean_menu_typo_line_height_unit":"","ocean_menu_typo_spacing":0,"ocean_menu_typo_spacing_tablet":0,"ocean_menu_typo_spacing_mobile":0,"ocean_menu_typo_spacing_unit":"","ocean_menu_link_color":"","ocean_menu_link_color_hover":"","ocean_menu_link_color_active":"","ocean_menu_link_background":"","ocean_menu_link_hover_background":"","ocean_menu_link_active_background":"","ocean_menu_social_links_bg":"","ocean_menu_social_hover_links_bg":"","ocean_menu_social_links_color":"","ocean_menu_social_hover_links_color":"","ocean_disable_title":"default","ocean_disable_heading":"on","ocean_post_title":"","ocean_post_subheading":"","ocean_post_title_style":"","ocean_post_title_background_color":"","ocean_post_title_background":0,"ocean_post_title_bg_image_position":"","ocean_post_title_bg_image_attachment":"","ocean_post_title_bg_image_repeat":"","ocean_post_title_bg_image_size":"","ocean_post_title_height":0,"ocean_post_title_bg_overlay":0.5,"ocean_post_title_bg_overlay_color":"","ocean_disable_breadcrumbs":"default","ocean_breadcrumbs_color":"","ocean_breadcrumbs_separator_color":"","ocean_breadcrumbs_links_color":"","ocean_breadcrumbs_links_hover_color":"","ocean_display_footer_widgets":"default","ocean_display_footer_bottom":"default","ocean_custom_footer_template":"0","footnotes":""},"class_list":["post-356","page","type-page","status-publish","hentry","entry"],"_links":{"self":[{"href":"https:\/\/www.ch-shm.fr\/index.php?rest_route=\/wp\/v2\/pages\/356","targetHints":{"allow":["GET"]}}],"collection":[{"href":"https:\/\/www.ch-shm.fr\/index.php?rest_route=\/wp\/v2\/pages"}],"about":[{"href":"https:\/\/www.ch-shm.fr\/index.php?rest_route=\/wp\/v2\/types\/page"}],"author":[{"embeddable":true,"href":"https:\/\/www.ch-shm.fr\/index.php?rest_route=\/wp\/v2\/users\/1"}],"replies":[{"embeddable":true,"href":"https:\/\/www.ch-shm.fr\/index.php?rest_route=%2Fwp%2Fv2%2Fcomments&post=356"}],"version-history":[{"count":58,"href":"https:\/\/www.ch-shm.fr\/index.php?rest_route=\/wp\/v2\/pages\/356\/revisions"}],"predecessor-version":[{"id":5955,"href":"https:\/\/www.ch-shm.fr\/index.php?rest_route=\/wp\/v2\/pages\/356\/revisions\/5955"}],"up":[{"embeddable":true,"href":"https:\/\/www.ch-shm.fr\/index.php?rest_route=\/wp\/v2\/pages\/54"}],"wp:attachment":[{"href":"https:\/\/www.ch-shm.fr\/index.php?rest_route=%2Fwp%2Fv2%2Fmedia&parent=356"}],"curies":[{"name":"wp","href":"https:\/\/api.w.org\/{rel}","templated":true}]}}