{"id":2137,"date":"2025-01-10T16:00:17","date_gmt":"2025-01-10T15:00:17","guid":{"rendered":"http:\/\/192.0.0.130\/wordpress\/?page_id=2137"},"modified":"2026-04-07T14:59:27","modified_gmt":"2026-04-07T12:59:27","slug":"l_chambre_mortuaire","status":"publish","type":"page","link":"https:\/\/www.ch-shm.fr\/?page_id=2137","title":{"rendered":"Chambre mortuaire Langres"},"content":{"rendered":"\t\t<div data-elementor-type=\"wp-page\" data-elementor-id=\"2137\" class=\"elementor elementor-2137\">\n\t\t\t\t\t\t<section class=\"elementor-section elementor-top-section elementor-element elementor-element-d78bbb5 elementor-section-boxed elementor-section-height-default elementor-section-height-default\" data-id=\"d78bbb5\" data-element_type=\"section\" data-settings=\"{&quot;background_background&quot;:&quot;classic&quot;}\">\n\t\t\t\t\t\t<div class=\"elementor-container elementor-column-gap-default\">\n\t\t\t\t\t<div class=\"elementor-column elementor-col-100 elementor-top-column elementor-element elementor-element-9143f47\" data-id=\"9143f47\" data-element_type=\"column\">\n\t\t\t<div class=\"elementor-widget-wrap elementor-element-populated\">\n\t\t\t\t\t\t<div class=\"elementor-element elementor-element-67ae663 elementor-widget elementor-widget-heading\" data-id=\"67ae663\" data-element_type=\"widget\" data-widget_type=\"heading.default\">\n\t\t\t\t<div class=\"elementor-widget-container\">\n\t\t\t\t\t<h2 class=\"elementor-heading-title elementor-size-default\">Chambre mortuaire<\/h2>\t\t\t\t<\/div>\n\t\t\t\t<\/div>\n\t\t\t\t\t<\/div>\n\t\t<\/div>\n\t\t\t\t\t<\/div>\n\t\t<\/section>\n\t\t\t\t<section class=\"elementor-section elementor-top-section elementor-element elementor-element-def3d06 elementor-section-boxed elementor-section-height-default elementor-section-height-default\" data-id=\"def3d06\" data-element_type=\"section\" data-settings=\"{&quot;background_background&quot;:&quot;classic&quot;}\">\n\t\t\t\t\t\t<div class=\"elementor-container elementor-column-gap-default\">\n\t\t\t\t\t<div class=\"elementor-column elementor-col-100 elementor-top-column elementor-element elementor-element-72d969d\" data-id=\"72d969d\" data-element_type=\"column\">\n\t\t\t<div class=\"elementor-widget-wrap elementor-element-populated\">\n\t\t\t\t\t\t<div class=\"elementor-element elementor-element-5fc2b48 elementor-widget elementor-widget-text-editor\" data-id=\"5fc2b48\" data-element_type=\"widget\" data-widget_type=\"text-editor.default\">\n\t\t\t\t<div class=\"elementor-widget-container\">\n\t\t\t\t\t\t\t\t\t<p><span style=\"color: #00003f;\">Un de vos proches vient de d\u00e9c\u00e9der dans notre \u00e9tablissement.<\/span><\/p><blockquote><p><span style=\"color: #00003f;\">Permettez-nous, dans cette douloureuse \u00e9preuve, de vous adresser nos condol\u00e9ances les plus sinc\u00e8res.<\/span><\/p><\/blockquote>\t\t\t\t\t\t\t\t<\/div>\n\t\t\t\t<\/div>\n\t\t\t\t<div class=\"elementor-element elementor-element-937eab7 elementor-widget-divider--view-line elementor-widget elementor-widget-divider\" data-id=\"937eab7\" data-element_type=\"widget\" data-widget_type=\"divider.default\">\n\t\t\t\t<div class=\"elementor-widget-container\">\n\t\t\t\t\t\t\t<div class=\"elementor-divider\">\n\t\t\t<span class=\"elementor-divider-separator\">\n\t\t\t\t\t\t<\/span>\n\t\t<\/div>\n\t\t\t\t\t\t<\/div>\n\t\t\t\t<\/div>\n\t\t\t\t<div class=\"elementor-element elementor-element-024ca47 elementor-widget elementor-widget-heading\" data-id=\"024ca47\" data-element_type=\"widget\" data-widget_type=\"heading.default\">\n\t\t\t\t<div class=\"elementor-widget-container\">\n\t\t\t\t\t<h2 class=\"elementor-heading-title elementor-size-default\">Contact<\/h2>\t\t\t\t<\/div>\n\t\t\t\t<\/div>\n\t\t\t\t<div class=\"elementor-element elementor-element-10b445a elementor-widget elementor-widget-text-editor\" data-id=\"10b445a\" data-element_type=\"widget\" data-widget_type=\"text-editor.default\">\n\t\t\t\t<div class=\"elementor-widget-container\">\n\t\t\t\t\t\t\t\t\t<ul><li><strong>Standard de l\u2019h\u00f4pital<\/strong> : <a href=\"http:\/\/03.25.87.88.88\">03.25.87.88.88<\/a><\/li><li><strong>Chambre mortuaire de l\u2019h\u00f4pital\u00a0<\/strong>: <a href=\"http:\/\/03.25.87.89.86.\">03.25.87.89.86.<\/a><\/li><li><strong>M\u00e9decine A<\/strong> : <a href=\"http:\/\/03.25.87.89.60.\">03.25.87.89.60.<\/a><\/li><li><strong>M\u00e9decine B : <\/strong><a href=\"http:\/\/03.25.87.89.90.\">03.25.87.89.90.<\/a><\/li><li><strong>M\u00e9decine C<\/strong> : <a href=\"http:\/\/03.25.87.89.06.\">03.25.87.89.06.<\/a><\/li><li><strong>Soins de Suite et R\u00e9adaptation (SSR)<\/strong> : <a href=\"http:\/\/03.25.87.77.41.\">03.25.87.77.41.<\/a><\/li><li><strong>Urgences<\/strong> : <a href=\"http:\/\/03.25.87.77.35.\">03.25.87.77.35.<\/a><\/li><\/ul>\t\t\t\t\t\t\t\t<\/div>\n\t\t\t\t<\/div>\n\t\t\t\t<div class=\"elementor-element elementor-element-884ccd0 elementor-widget-divider--view-line elementor-widget elementor-widget-divider\" data-id=\"884ccd0\" data-element_type=\"widget\" data-widget_type=\"divider.default\">\n\t\t\t\t<div class=\"elementor-widget-container\">\n\t\t\t\t\t\t\t<div class=\"elementor-divider\">\n\t\t\t<span class=\"elementor-divider-separator\">\n\t\t\t\t\t\t<\/span>\n\t\t<\/div>\n\t\t\t\t\t\t<\/div>\n\t\t\t\t<\/div>\n\t\t\t\t<div class=\"elementor-element elementor-element-5d21730 elementor-widget elementor-widget-heading\" data-id=\"5d21730\" data-element_type=\"widget\" data-widget_type=\"heading.default\">\n\t\t\t\t<div class=\"elementor-widget-container\">\n\t\t\t\t\t<h2 class=\"elementor-heading-title elementor-size-default\">D\u00e9marches \u00e0 effectuer par la famille ou un proche apr\u00e8s le d\u00e9c\u00e8s<\/h2>\t\t\t\t<\/div>\n\t\t\t\t<\/div>\n\t\t\t\t<div class=\"elementor-element elementor-element-5b6dd71 elementor-widget elementor-widget-text-editor\" data-id=\"5b6dd71\" data-element_type=\"widget\" data-widget_type=\"text-editor.default\">\n\t\t\t\t<div class=\"elementor-widget-container\">\n\t\t\t\t\t\t\t\t\t<p><span style=\"color: #00003f;\">D\u00e8s que possible,<\/span><\/p><p><span style=\"color: #00003f;\">Merci d\u2019apporter, au service de soins , les v\u00eatements choisis pour votre d\u00e9funt .<\/span><\/p><p><span style=\"color: #00003f;\">Puis, pr\u00e9sentez-vous au Bureau des entr\u00e9es pour effectuer les d\u00e9marches administratives avec tout ou partie des documents suivants :<\/span><\/p><ul><li><strong><span style=\"color: #00003f;\">Livret de famille (n\u00e9cessaire pour la d\u00e9claration \u00e0 l\u2019\u00e9tat civil )<\/span><\/strong><\/li><li><strong><span style=\"color: #00003f;\">Carte d\u2019identit\u00e9 | Carte de S\u00e9curit\u00e9 Sociale<\/span><\/strong><\/li><li><strong><span style=\"color: #00003f;\">Carte de mutuelle (afin de cl\u00f4turer au besoin le dossier administratif)<\/span><\/strong><\/li><\/ul><p><span style=\"color: #00003f;\">Dans les meilleurs d\u00e9lais ,<\/span><\/p><p><span style=\"color: #00003f;\">Merci de contacter <strong>un op\u00e9rateur fun\u00e9raire habilit\u00e9 de votre choix<\/strong> (une liste les r\u00e9pertoriant pourra \u00eatre mise \u00e0 votre disposition ). Ils vous guideront dans les alternatives de prise en charge de votre d\u00e9funt .<\/span><\/p><p><span style=\"color: #00003f;\">Votre proche sera transf\u00e9r\u00e9 \u00e0 la chambre mortuaire de l\u2019h\u00f4pital dans les heures suivant son d\u00e9c\u00e8s .<\/span><\/p><p><span style=\"color: #00003f;\">Les trois premiers jours (suivant le jour du d\u00e9c\u00e8s ) sont gratuits.<\/span><\/p><p><span style=\"color: #00003f;\">Il est important de savoir que la limite de 48 heures est impos\u00e9e par la loi pour tout d\u00e9placement de corps avant mise en bi\u00e8re (transfert en chambre fun\u00e9raire ou retour \u00e0 domicile).<\/span><\/p>\t\t\t\t\t\t\t\t<\/div>\n\t\t\t\t<\/div>\n\t\t\t\t<div class=\"elementor-element elementor-element-7b5627d elementor-widget elementor-widget-heading\" data-id=\"7b5627d\" data-element_type=\"widget\" data-widget_type=\"heading.default\">\n\t\t\t\t<div class=\"elementor-widget-container\">\n\t\t\t\t\t<h2 class=\"elementor-heading-title elementor-size-default\">Visites au d\u00e9funt<\/h2>\t\t\t\t<\/div>\n\t\t\t\t<\/div>\n\t\t\t\t<div class=\"elementor-element elementor-element-ec80270 elementor-widget elementor-widget-text-editor\" data-id=\"ec80270\" data-element_type=\"widget\" data-widget_type=\"text-editor.default\">\n\t\t\t\t<div class=\"elementor-widget-container\">\n\t\t\t\t\t\t\t\t\t<p><span style=\"color: #00003f;\"><strong><u>Dans le Service de Soins <\/u><\/strong><\/span><\/p><p><span style=\"color: #00003f;\">Vous pourrez , dans la limite de quelques heures , vous recueillir aupr\u00e8s de votre d\u00e9funt dans le service avant son transfert.<\/span><\/p><p><span style=\"color: #00003f;\"><strong><u>A la Chambre Mortuaire<\/u><\/strong><\/span><\/p><p><span style=\"color: #00003f;\">Votre d\u00e9funt a \u00e9t\u00e9 transf\u00e9r\u00e9, vous pourrez vous rendre \u00e0 la chambre mortuaire en contactant :<\/span><\/p><ul><li><span style=\"color: #00003f;\">Du lundi au vendredi (de 8h45 \u00e0 12h et de 13h30 \u00e0 17h) l\u2019agent de la chambre mortuaire est \u00e0 votre disposition et peut \u00eatre joint au <a href=\"http:\/\/03.25.87.89.86\">03.25.87.89.86<\/a> afin de convenir d\u2019une visite dans les meilleures conditions.<\/span><\/li><li><span style=\"color: #00003f;\">Les Week-ends et jours f\u00e9ri\u00e9s, il vous sera demand\u00e9 une certaine compr\u00e9hension.<\/span><\/li><\/ul><p><span style=\"color: #00003f;\"><strong>Avant<\/strong> votre venue, merci de contacter, le <strong>service de soins o\u00f9 votre proche est d\u00e9c\u00e9d\u00e9<\/strong> ou le standard de l\u2019h\u00f4pital.<\/span><\/p><p><span style=\"color: #00003f;\">La chambre mortuaire ne disposant pas d\u2019effectif permanent sur ces jours, il sera fait appel \u00e0 un soignant pour vous accompagner.<\/span><\/p><p><span style=\"color: #00003f;\">Pour ne pas mobiliser trop longtemps celui -ci , il vous sera demand\u00e9 de <strong>regrouper au maximum les visites et de les limiter \u00e0 15 minutes.<\/strong><\/span><\/p><p><span style=\"color: #00003f;\"><strong><u>Effets personnels <\/u><\/strong><\/span><\/p><p><span style=\"color: #00003f;\">Si vous vous pr\u00e9sentez rapidement dans le service :<\/span><\/p><ul><li><span style=\"color: #00003f;\">Les effets personnels non consid\u00e9r\u00e9s comme valeurs pourront vous \u00eatre remis.<\/span><\/li><\/ul><ul><li><span style=\"color: #00003f;\">Les valeurs (argents, bijoux, cl\u00e9s, &#8230;) inventori\u00e9es, seront mises sous enveloppe au coffre. Il conviendra donc de prendre rendez-vous en semaine avec la R\u00e9gie de l\u2019h\u00f4pital (<a href=\"http:\/\/03.25.87.76.41\">03.25.87.76.41<\/a>) afin de conna\u00eetre les d\u00e9marches pour les r\u00e9cup\u00e9rer.<\/span><\/li><\/ul><p><span style=\"color: #00003f;\"><strong><u>Ecoute et information <\/u><\/strong><\/span><\/p><ul><li><span style=\"color: #00003f;\">Si vous ressentez le besoin de vous exprimer ou d\u2019obtenir des <strong>informations compl\u00e9mentaires<\/strong>, les membres de la Commission Des Usagers (CDU) vous proposent de rencontrer le m\u00e9diateur m\u00e9dical, le Docteur Carina Poinsot, en vous adressant au secr\u00e9tariat de direction au 03.25.87.89.31. et \/ou un repr\u00e9sentant des usagers : M Thi\u00e9baut <strong><a href=\"http:\/\/06.14.22.10.54\">06.14.22.10.54<\/a><\/strong>.<\/span><\/li><\/ul><ul><li><span style=\"color: #00003f;\">Conform\u00e9ment \u00e0 la r\u00e9glementation, vous avez la possibilit\u00e9 de demander le dossier m\u00e9dical de votre d\u00e9funt en vous adressant au secr\u00e9tariat de direction au <strong><a href=\"http:\/\/03.25.87.89.31\">03.25.87.89.31<\/a>.<\/strong><\/span><\/li><\/ul><ul><li><span style=\"color: #00003f;\">L\u2019agent de la chambre mortuaire peut, si vous le souhaitez, vous fournir une liste des principaux repr\u00e9sentants de culte<\/span><\/li><\/ul>\t\t\t\t\t\t\t\t<\/div>\n\t\t\t\t<\/div>\n\t\t\t\t\t<\/div>\n\t\t<\/div>\n\t\t\t\t\t<\/div>\n\t\t<\/section>\n\t\t\t\t<\/div>\n\t\t","protected":false},"excerpt":{"rendered":"<p>Chambre mortuaire Un de vos proches vient de d\u00e9c\u00e9der dans notre \u00e9tablissement. Permettez-nous, dans cette douloureuse \u00e9preuve, de vous adresser nos condol\u00e9ances les plus sinc\u00e8res. Contact Standard de l\u2019h\u00f4pital : 03.25.87.88.88 Chambre mortuaire de l\u2019h\u00f4pital\u00a0: 03.25.87.89.86. M\u00e9decine A : 03.25.87.89.60. M\u00e9decine B : 03.25.87.89.90. M\u00e9decine C : 03.25.87.89.06. Soins de Suite et R\u00e9adaptation (SSR) : [&hellip;]<\/p>\n","protected":false},"author":2,"featured_media":0,"parent":0,"menu_order":0,"comment_status":"closed","ping_status":"closed","template":"","meta":{"ocean_post_layout":"","ocean_both_sidebars_style":"","ocean_both_sidebars_content_width":0,"ocean_both_sidebars_sidebars_width":0,"ocean_sidebar":"","ocean_second_sidebar":"","ocean_disable_margins":"enable","ocean_add_body_class":"","ocean_shortcode_before_top_bar":"","ocean_shortcode_after_top_bar":"","ocean_shortcode_before_header":"","ocean_shortcode_after_header":"","ocean_has_shortcode":"","ocean_shortcode_after_title":"","ocean_shortcode_before_footer_widgets":"","ocean_shortcode_after_footer_widgets":"","ocean_shortcode_before_footer_bottom":"","ocean_shortcode_after_footer_bottom":"","ocean_display_top_bar":"default","ocean_display_header":"default","ocean_header_style":"","ocean_center_header_left_menu":"","ocean_custom_header_template":"","ocean_custom_logo":0,"ocean_custom_retina_logo":0,"ocean_custom_logo_max_width":0,"ocean_custom_logo_tablet_max_width":0,"ocean_custom_logo_mobile_max_width":0,"ocean_custom_logo_max_height":0,"ocean_custom_logo_tablet_max_height":0,"ocean_custom_logo_mobile_max_height":0,"ocean_header_custom_menu":"","ocean_menu_typo_font_family":"","ocean_menu_typo_font_subset":"","ocean_menu_typo_font_size":0,"ocean_menu_typo_font_size_tablet":0,"ocean_menu_typo_font_size_mobile":0,"ocean_menu_typo_font_size_unit":"px","ocean_menu_typo_font_weight":"","ocean_menu_typo_font_weight_tablet":"","ocean_menu_typo_font_weight_mobile":"","ocean_menu_typo_transform":"","ocean_menu_typo_transform_tablet":"","ocean_menu_typo_transform_mobile":"","ocean_menu_typo_line_height":0,"ocean_menu_typo_line_height_tablet":0,"ocean_menu_typo_line_height_mobile":0,"ocean_menu_typo_line_height_unit":"","ocean_menu_typo_spacing":0,"ocean_menu_typo_spacing_tablet":0,"ocean_menu_typo_spacing_mobile":0,"ocean_menu_typo_spacing_unit":"","ocean_menu_link_color":"","ocean_menu_link_color_hover":"","ocean_menu_link_color_active":"","ocean_menu_link_background":"","ocean_menu_link_hover_background":"","ocean_menu_link_active_background":"","ocean_menu_social_links_bg":"","ocean_menu_social_hover_links_bg":"","ocean_menu_social_links_color":"","ocean_menu_social_hover_links_color":"","ocean_disable_title":"default","ocean_disable_heading":"default","ocean_post_title":"","ocean_post_subheading":"","ocean_post_title_style":"","ocean_post_title_background_color":"","ocean_post_title_background":0,"ocean_post_title_bg_image_position":"","ocean_post_title_bg_image_attachment":"","ocean_post_title_bg_image_repeat":"","ocean_post_title_bg_image_size":"","ocean_post_title_height":0,"ocean_post_title_bg_overlay":0.5,"ocean_post_title_bg_overlay_color":"","ocean_disable_breadcrumbs":"default","ocean_breadcrumbs_color":"","ocean_breadcrumbs_separator_color":"","ocean_breadcrumbs_links_color":"","ocean_breadcrumbs_links_hover_color":"","ocean_display_footer_widgets":"default","ocean_display_footer_bottom":"default","ocean_custom_footer_template":"","footnotes":""},"class_list":["post-2137","page","type-page","status-publish","hentry","entry"],"_links":{"self":[{"href":"https:\/\/www.ch-shm.fr\/index.php?rest_route=\/wp\/v2\/pages\/2137","targetHints":{"allow":["GET"]}}],"collection":[{"href":"https:\/\/www.ch-shm.fr\/index.php?rest_route=\/wp\/v2\/pages"}],"about":[{"href":"https:\/\/www.ch-shm.fr\/index.php?rest_route=\/wp\/v2\/types\/page"}],"author":[{"embeddable":true,"href":"https:\/\/www.ch-shm.fr\/index.php?rest_route=\/wp\/v2\/users\/2"}],"replies":[{"embeddable":true,"href":"https:\/\/www.ch-shm.fr\/index.php?rest_route=%2Fwp%2Fv2%2Fcomments&post=2137"}],"version-history":[{"count":21,"href":"https:\/\/www.ch-shm.fr\/index.php?rest_route=\/wp\/v2\/pages\/2137\/revisions"}],"predecessor-version":[{"id":5981,"href":"https:\/\/www.ch-shm.fr\/index.php?rest_route=\/wp\/v2\/pages\/2137\/revisions\/5981"}],"wp:attachment":[{"href":"https:\/\/www.ch-shm.fr\/index.php?rest_route=%2Fwp%2Fv2%2Fmedia&parent=2137"}],"curies":[{"name":"wp","href":"https:\/\/api.w.org\/{rel}","templated":true}]}}