{"id":2033,"date":"2025-01-10T16:00:17","date_gmt":"2025-01-10T15:00:17","guid":{"rendered":"http:\/\/192.0.0.130\/wordpress\/?page_id=2033"},"modified":"2026-04-14T16:03:19","modified_gmt":"2026-04-14T14:03:19","slug":"l_ehpad_trincassaye","status":"publish","type":"page","link":"https:\/\/www.ch-shm.fr\/?page_id=2033","title":{"rendered":"EHPAD de la Trincassaye Langres"},"content":{"rendered":"\t\t<div data-elementor-type=\"wp-page\" data-elementor-id=\"2033\" class=\"elementor elementor-2033\">\n\t\t\t\t\t\t<section class=\"elementor-section elementor-top-section elementor-element elementor-element-f95e818 elementor-section-boxed elementor-section-height-default elementor-section-height-default\" data-id=\"f95e818\" data-element_type=\"section\" data-settings=\"{&quot;background_background&quot;:&quot;classic&quot;}\">\n\t\t\t\t\t\t<div class=\"elementor-container elementor-column-gap-default\">\n\t\t\t\t\t<div class=\"elementor-column elementor-col-100 elementor-top-column elementor-element elementor-element-e6ed96b\" data-id=\"e6ed96b\" data-element_type=\"column\">\n\t\t\t<div class=\"elementor-widget-wrap elementor-element-populated\">\n\t\t\t\t\t\t<div class=\"elementor-element elementor-element-49e1b3a elementor-widget elementor-widget-heading\" data-id=\"49e1b3a\" data-element_type=\"widget\" data-widget_type=\"heading.default\">\n\t\t\t\t<div class=\"elementor-widget-container\">\n\t\t\t\t\t<h2 class=\"elementor-heading-title elementor-size-default\">EHPAD - La Trincassaye<\/h2>\t\t\t\t<\/div>\n\t\t\t\t<\/div>\n\t\t\t\t\t<\/div>\n\t\t<\/div>\n\t\t\t\t\t<\/div>\n\t\t<\/section>\n\t\t\t\t<section class=\"elementor-section elementor-top-section elementor-element elementor-element-945312b elementor-section-boxed elementor-section-height-default elementor-section-height-default\" data-id=\"945312b\" data-element_type=\"section\">\n\t\t\t\t\t\t<div class=\"elementor-container elementor-column-gap-default\">\n\t\t\t\t\t<div class=\"elementor-column elementor-col-25 elementor-top-column elementor-element elementor-element-5495f45\" data-id=\"5495f45\" data-element_type=\"column\">\n\t\t\t<div class=\"elementor-widget-wrap elementor-element-populated\">\n\t\t\t\t\t\t<div class=\"elementor-element elementor-element-9062350 elementor-widget elementor-widget-text-editor\" data-id=\"9062350\" data-element_type=\"widget\" data-widget_type=\"text-editor.default\">\n\t\t\t\t<div class=\"elementor-widget-container\">\n\t\t\t\t\t\t\t\t\t<p><a href=\"https:\/\/www.ch-shm.fr\/?page_id=3048\"><span style=\"font-size: 14pt;\"><strong><span style=\"color: #00003f;\">Retour \u00e0 l&rsquo;accueil<\/span> <\/strong><\/span><\/a><\/p>\t\t\t\t\t\t\t\t<\/div>\n\t\t\t\t<\/div>\n\t\t\t\t\t<\/div>\n\t\t<\/div>\n\t\t\t\t<div class=\"elementor-column elementor-col-25 elementor-top-column elementor-element elementor-element-5874988\" data-id=\"5874988\" data-element_type=\"column\">\n\t\t\t<div class=\"elementor-widget-wrap\">\n\t\t\t\t\t\t\t<\/div>\n\t\t<\/div>\n\t\t\t\t<div class=\"elementor-column elementor-col-25 elementor-top-column elementor-element elementor-element-0895338\" data-id=\"0895338\" data-element_type=\"column\">\n\t\t\t<div class=\"elementor-widget-wrap\">\n\t\t\t\t\t\t\t<\/div>\n\t\t<\/div>\n\t\t\t\t<div class=\"elementor-column elementor-col-25 elementor-top-column elementor-element elementor-element-33c7176\" data-id=\"33c7176\" data-element_type=\"column\">\n\t\t\t<div class=\"elementor-widget-wrap\">\n\t\t\t\t\t\t\t<\/div>\n\t\t<\/div>\n\t\t\t\t\t<\/div>\n\t\t<\/section>\n\t\t\t\t<section class=\"elementor-section elementor-top-section elementor-element elementor-element-8a267dd elementor-section-boxed elementor-section-height-default elementor-section-height-default\" data-id=\"8a267dd\" data-element_type=\"section\">\n\t\t\t\t\t\t<div class=\"elementor-container elementor-column-gap-default\">\n\t\t\t\t\t<div class=\"elementor-column elementor-col-50 elementor-top-column elementor-element elementor-element-be48f66\" data-id=\"be48f66\" data-element_type=\"column\">\n\t\t\t<div class=\"elementor-widget-wrap elementor-element-populated\">\n\t\t\t\t\t\t<div class=\"elementor-element elementor-element-bb12a3b elementor-widget elementor-widget-image\" data-id=\"bb12a3b\" data-element_type=\"widget\" data-widget_type=\"image.default\">\n\t\t\t\t<div class=\"elementor-widget-container\">\n\t\t\t\t\t\t\t\t\t\t\t\t\t\t\t<img fetchpriority=\"high\" decoding=\"async\" width=\"1024\" height=\"768\" src=\"https:\/\/www.ch-shm.fr\/wp-content\/uploads\/2024\/12\/ehpad-langres-3-1024x768.jpg\" class=\"attachment-large size-large wp-image-2035\" alt=\"\" srcset=\"https:\/\/www.ch-shm.fr\/wp-content\/uploads\/2024\/12\/ehpad-langres-3-1024x768.jpg 1024w, https:\/\/www.ch-shm.fr\/wp-content\/uploads\/2024\/12\/ehpad-langres-3-300x225.jpg 300w, https:\/\/www.ch-shm.fr\/wp-content\/uploads\/2024\/12\/ehpad-langres-3-768x576.jpg 768w, https:\/\/www.ch-shm.fr\/wp-content\/uploads\/2024\/12\/ehpad-langres-3-1536x1152.jpg 1536w, https:\/\/www.ch-shm.fr\/wp-content\/uploads\/2024\/12\/ehpad-langres-3-2048x1536.jpg 2048w\" sizes=\"(max-width: 1024px) 100vw, 1024px\" \/>\t\t\t\t\t\t\t\t\t\t\t\t\t\t\t<\/div>\n\t\t\t\t<\/div>\n\t\t\t\t\t<\/div>\n\t\t<\/div>\n\t\t\t\t<div class=\"elementor-column elementor-col-50 elementor-top-column elementor-element elementor-element-3fd3f9d\" data-id=\"3fd3f9d\" data-element_type=\"column\">\n\t\t\t<div class=\"elementor-widget-wrap elementor-element-populated\">\n\t\t\t\t\t\t<div class=\"elementor-element elementor-element-c7e990e elementor-widget elementor-widget-heading\" data-id=\"c7e990e\" data-element_type=\"widget\" data-widget_type=\"heading.default\">\n\t\t\t\t<div class=\"elementor-widget-container\">\n\t\t\t\t\t<h2 class=\"elementor-heading-title elementor-size-default\">Contact<\/h2>\t\t\t\t<\/div>\n\t\t\t\t<\/div>\n\t\t\t\t<div class=\"elementor-element elementor-element-48a6b9d elementor-widget elementor-widget-text-editor\" data-id=\"48a6b9d\" data-element_type=\"widget\" data-widget_type=\"text-editor.default\">\n\t\t\t\t<div class=\"elementor-widget-container\">\n\t\t\t\t\t\t\t\t\t<p><span style=\"color: #00003f;\"><strong>T\u00e9l\u00e9phone<\/strong> : <a href=\"http:\/\/03.25.87.88.88\">03.25.87.88.88<\/a><\/span><\/p>\t\t\t\t\t\t\t\t<\/div>\n\t\t\t\t<\/div>\n\t\t\t\t\t<\/div>\n\t\t<\/div>\n\t\t\t\t\t<\/div>\n\t\t<\/section>\n\t\t\t\t<section class=\"elementor-section elementor-top-section elementor-element elementor-element-19b1650 elementor-section-boxed elementor-section-height-default elementor-section-height-default\" data-id=\"19b1650\" data-element_type=\"section\">\n\t\t\t\t\t\t<div class=\"elementor-container elementor-column-gap-default\">\n\t\t\t\t\t<div class=\"elementor-column elementor-col-100 elementor-top-column elementor-element elementor-element-fda723a\" data-id=\"fda723a\" data-element_type=\"column\">\n\t\t\t<div class=\"elementor-widget-wrap elementor-element-populated\">\n\t\t\t\t\t\t<div class=\"elementor-element elementor-element-5bc39eb elementor-widget-divider--view-line elementor-widget elementor-widget-divider\" data-id=\"5bc39eb\" data-element_type=\"widget\" data-widget_type=\"divider.default\">\n\t\t\t\t<div class=\"elementor-widget-container\">\n\t\t\t\t\t\t\t<div class=\"elementor-divider\">\n\t\t\t<span class=\"elementor-divider-separator\">\n\t\t\t\t\t\t<\/span>\n\t\t<\/div>\n\t\t\t\t\t\t<\/div>\n\t\t\t\t<\/div>\n\t\t\t\t<div class=\"elementor-element elementor-element-4cf343d elementor-view-default elementor-widget elementor-widget-icon\" data-id=\"4cf343d\" data-element_type=\"widget\" data-widget_type=\"icon.default\">\n\t\t\t\t<div class=\"elementor-widget-container\">\n\t\t\t\t\t\t\t<div class=\"elementor-icon-wrapper\">\n\t\t\t<div class=\"elementor-icon\">\n\t\t\t<i aria-hidden=\"true\" class=\"far fa-clock\"><\/i>\t\t\t<\/div>\n\t\t<\/div>\n\t\t\t\t\t\t<\/div>\n\t\t\t\t<\/div>\n\t\t\t\t<div class=\"elementor-element elementor-element-03afcc5 elementor-widget elementor-widget-heading\" data-id=\"03afcc5\" data-element_type=\"widget\" data-widget_type=\"heading.default\">\n\t\t\t\t<div class=\"elementor-widget-container\">\n\t\t\t\t\t<h2 class=\"elementor-heading-title elementor-size-default\">Horaires de visites<\/h2>\t\t\t\t<\/div>\n\t\t\t\t<\/div>\n\t\t\t\t<div class=\"elementor-element elementor-element-16a92bf elementor-widget elementor-widget-text-editor\" data-id=\"16a92bf\" data-element_type=\"widget\" data-widget_type=\"text-editor.default\">\n\t\t\t\t<div class=\"elementor-widget-container\">\n\t\t\t\t\t\t\t\t\t<p style=\"text-align: center;\"><span style=\"color: #00003f;\"><strong>Du lundi au dimanche de 11h30 \u00e0 20h00<\/strong><\/span><\/p>\t\t\t\t\t\t\t\t<\/div>\n\t\t\t\t<\/div>\n\t\t\t\t<div class=\"elementor-element elementor-element-3cf59d6 elementor-widget-divider--view-line elementor-widget elementor-widget-divider\" data-id=\"3cf59d6\" data-element_type=\"widget\" data-widget_type=\"divider.default\">\n\t\t\t\t<div class=\"elementor-widget-container\">\n\t\t\t\t\t\t\t<div class=\"elementor-divider\">\n\t\t\t<span class=\"elementor-divider-separator\">\n\t\t\t\t\t\t<\/span>\n\t\t<\/div>\n\t\t\t\t\t\t<\/div>\n\t\t\t\t<\/div>\n\t\t\t\t<div class=\"elementor-element elementor-element-078ef7e elementor-widget elementor-widget-text-editor\" data-id=\"078ef7e\" data-element_type=\"widget\" data-widget_type=\"text-editor.default\">\n\t\t\t\t<div class=\"elementor-widget-container\">\n\t\t\t\t\t\t\t\t\t<p><span style=\"color: #00003f;\">Votre sant\u00e9 et votre situation personnelle ou familiale vous ont conduit \u00e0 rechercher un accueil dans un \u00e9tablissement vous offrant<\/span><\/p><ul><li><span style=\"color: #00003f;\">la s\u00e9curit\u00e9,<\/span><\/li><li><span style=\"color: #00003f;\">des conditions d&rsquo;aide au maintien de votre autonomie,<\/span><\/li><li><span style=\"color: #00003f;\">l\u2019acc\u00e8s \u00e0 des aides constantes pour votre vie quotidienne,<\/span><\/li><li><span style=\"color: #00003f;\">une surveillance et un environnement m\u00e9dical rassurant.<\/span><\/li><\/ul><p><span style=\"color: #00003f;\">Pour cette raison, l\u2019EHPAD de LANGRES retient votre attention.<\/span><\/p><p><span style=\"color: #00003f;\">Pour vous aider \u00e0 mener \u00e0 bien ce projet de nouvelle vie, nous vous proposons quelques informations dans ce manuel, mais nous restons \u00e0 votre disposition pour vous apporter toutes explications compl\u00e9mentaires.<\/span><\/p>\t\t\t\t\t\t\t\t<\/div>\n\t\t\t\t<\/div>\n\t\t\t\t\t<\/div>\n\t\t<\/div>\n\t\t\t\t\t<\/div>\n\t\t<\/section>\n\t\t\t\t<section class=\"elementor-section elementor-top-section elementor-element elementor-element-3797c0d elementor-section-boxed elementor-section-height-default elementor-section-height-default\" data-id=\"3797c0d\" data-element_type=\"section\">\n\t\t\t\t\t\t<div class=\"elementor-container elementor-column-gap-default\">\n\t\t\t\t\t<div class=\"elementor-column elementor-col-100 elementor-top-column elementor-element elementor-element-2f3d2dd\" data-id=\"2f3d2dd\" data-element_type=\"column\">\n\t\t\t<div class=\"elementor-widget-wrap elementor-element-populated\">\n\t\t\t\t\t\t<div class=\"elementor-element elementor-element-cd9018a elementor-widget elementor-widget-heading\" data-id=\"cd9018a\" data-element_type=\"widget\" data-widget_type=\"heading.default\">\n\t\t\t\t<div class=\"elementor-widget-container\">\n\t\t\t\t\t<h2 class=\"elementor-heading-title elementor-size-default\">Pr\u00e9sentation<\/h2>\t\t\t\t<\/div>\n\t\t\t\t<\/div>\n\t\t\t\t\t<\/div>\n\t\t<\/div>\n\t\t\t\t\t<\/div>\n\t\t<\/section>\n\t\t\t\t<section class=\"elementor-section elementor-top-section elementor-element elementor-element-3aa2e9d elementor-section-boxed elementor-section-height-default elementor-section-height-default\" data-id=\"3aa2e9d\" data-element_type=\"section\">\n\t\t\t\t\t\t<div class=\"elementor-container elementor-column-gap-default\">\n\t\t\t\t\t<div class=\"elementor-column elementor-col-25 elementor-top-column elementor-element elementor-element-07a0bd2\" data-id=\"07a0bd2\" data-element_type=\"column\">\n\t\t\t<div class=\"elementor-widget-wrap elementor-element-populated\">\n\t\t\t\t\t\t<div class=\"elementor-element elementor-element-c9cfc2f elementor-align-center elementor-widget elementor-widget-button\" data-id=\"c9cfc2f\" data-element_type=\"widget\" data-widget_type=\"button.default\">\n\t\t\t\t<div class=\"elementor-widget-container\">\n\t\t\t\t\t\t\t\t\t<div class=\"elementor-button-wrapper\">\n\t\t\t\t\t<a class=\"elementor-button elementor-button-link elementor-size-sm\" href=\"https:\/\/www.ch-shm.fr\/wp-content\/uploads\/2026\/02\/AJ-Livret-daccueil-AJA-Langres.pdf\">\n\t\t\t\t\t\t<span class=\"elementor-button-content-wrapper\">\n\t\t\t\t\t\t\t\t\t<span class=\"elementor-button-text\">Livret d'accueil Accueil de Jour<\/span>\n\t\t\t\t\t<\/span>\n\t\t\t\t\t<\/a>\n\t\t\t\t<\/div>\n\t\t\t\t\t\t\t\t<\/div>\n\t\t\t\t<\/div>\n\t\t\t\t\t<\/div>\n\t\t<\/div>\n\t\t\t\t<div class=\"elementor-column elementor-col-25 elementor-top-column elementor-element elementor-element-20353a8\" data-id=\"20353a8\" data-element_type=\"column\">\n\t\t\t<div class=\"elementor-widget-wrap elementor-element-populated\">\n\t\t\t\t\t\t<div class=\"elementor-element elementor-element-665721e elementor-align-center elementor-widget elementor-widget-button\" data-id=\"665721e\" data-element_type=\"widget\" data-widget_type=\"button.default\">\n\t\t\t\t<div class=\"elementor-widget-container\">\n\t\t\t\t\t\t\t\t\t<div class=\"elementor-button-wrapper\">\n\t\t\t\t\t<a class=\"elementor-button elementor-button-link elementor-size-sm\" href=\"https:\/\/www.ch-shm.fr\/wp-content\/uploads\/2026\/02\/AJ-Plaquette-AJ-LANGRES.pdf\">\n\t\t\t\t\t\t<span class=\"elementor-button-content-wrapper\">\n\t\t\t\t\t\t\t\t\t<span class=\"elementor-button-text\">Plaquette Accueil de Jour - La Trincassaye<\/span>\n\t\t\t\t\t<\/span>\n\t\t\t\t\t<\/a>\n\t\t\t\t<\/div>\n\t\t\t\t\t\t\t\t<\/div>\n\t\t\t\t<\/div>\n\t\t\t\t\t<\/div>\n\t\t<\/div>\n\t\t\t\t<div class=\"elementor-column elementor-col-25 elementor-top-column elementor-element elementor-element-22ec00e\" data-id=\"22ec00e\" data-element_type=\"column\">\n\t\t\t<div class=\"elementor-widget-wrap elementor-element-populated\">\n\t\t\t\t\t\t<div class=\"elementor-element elementor-element-4ae0912 elementor-align-center elementor-widget elementor-widget-button\" data-id=\"4ae0912\" data-element_type=\"widget\" data-widget_type=\"button.default\">\n\t\t\t\t<div class=\"elementor-widget-container\">\n\t\t\t\t\t\t\t\t\t<div class=\"elementor-button-wrapper\">\n\t\t\t\t\t<a class=\"elementor-button elementor-button-link elementor-size-sm\" href=\"https:\/\/www.ch-shm.fr\/wp-content\/uploads\/2026\/02\/Livret-daccueil-EHPAD-2025-Langres.pdf\">\n\t\t\t\t\t\t<span class=\"elementor-button-content-wrapper\">\n\t\t\t\t\t\t\t\t\t<span class=\"elementor-button-text\">Livret d'accueil EHPAD<\/span>\n\t\t\t\t\t<\/span>\n\t\t\t\t\t<\/a>\n\t\t\t\t<\/div>\n\t\t\t\t\t\t\t\t<\/div>\n\t\t\t\t<\/div>\n\t\t\t\t\t<\/div>\n\t\t<\/div>\n\t\t\t\t<div class=\"elementor-column elementor-col-25 elementor-top-column elementor-element elementor-element-f39150d\" data-id=\"f39150d\" data-element_type=\"column\">\n\t\t\t<div class=\"elementor-widget-wrap elementor-element-populated\">\n\t\t\t\t\t\t<div class=\"elementor-element elementor-element-6db7c1c elementor-align-center elementor-widget elementor-widget-button\" data-id=\"6db7c1c\" data-element_type=\"widget\" data-widget_type=\"button.default\">\n\t\t\t\t<div class=\"elementor-widget-container\">\n\t\t\t\t\t\t\t\t\t<div class=\"elementor-button-wrapper\">\n\t\t\t\t\t<a class=\"elementor-button elementor-button-link elementor-size-sm\" href=\"https:\/\/www.ch-shm.fr\/wp-content\/uploads\/2026\/02\/Plaquette-CVS-2024.pdf\">\n\t\t\t\t\t\t<span class=\"elementor-button-content-wrapper\">\n\t\t\t\t\t\t\t\t\t<span class=\"elementor-button-text\">Plaquette Coseil de la Vie Sociale -EHPAD<\/span>\n\t\t\t\t\t<\/span>\n\t\t\t\t\t<\/a>\n\t\t\t\t<\/div>\n\t\t\t\t\t\t\t\t<\/div>\n\t\t\t\t<\/div>\n\t\t\t\t\t<\/div>\n\t\t<\/div>\n\t\t\t\t\t<\/div>\n\t\t<\/section>\n\t\t\t\t<section class=\"elementor-section elementor-top-section elementor-element elementor-element-7ae1cca elementor-section-boxed elementor-section-height-default elementor-section-height-default\" data-id=\"7ae1cca\" data-element_type=\"section\">\n\t\t\t\t\t\t<div class=\"elementor-container elementor-column-gap-default\">\n\t\t\t\t\t<div class=\"elementor-column elementor-col-100 elementor-top-column elementor-element elementor-element-33703e1\" data-id=\"33703e1\" data-element_type=\"column\">\n\t\t\t<div class=\"elementor-widget-wrap elementor-element-populated\">\n\t\t\t\t\t\t<div class=\"elementor-element elementor-element-d770b27 elementor-widget elementor-widget-text-editor\" data-id=\"d770b27\" data-element_type=\"widget\" data-widget_type=\"text-editor.default\">\n\t\t\t\t<div class=\"elementor-widget-container\">\n\t\t\t\t\t\t\t\t\t<p><span style=\"color: #00003f;\">L\u2019\u00e9tablissement est situ\u00e9 Avenue de la R\u00e9sistance.<\/span><\/p><p><span style=\"color: #00003f;\">L\u2019EHPAD dispose de 133 lits dont 3 lits d\u2019h\u00e9bergement temporaire, une Unit\u00e9 de Vie Prot\u00e9g\u00e9e de 31 lits avec son jardin prot\u00e9g\u00e9 et un P\u00f4le d\u2019Activit\u00e9 et Soins Adapt\u00e9s (PASA).<\/span><\/p><p><span style=\"color: #00003f;\">L\u2019EHPAD accueille les personnes \u00e2g\u00e9es peu d\u00e9pendantes qui d\u00e9sirent trouver la s\u00e9curit\u00e9 d&rsquo;une institution pour les aider \u00e0 maintenir leur autonomie, les personnes d\u00e9pendantes ou pr\u00e9sentant un handicap, les personnes qui doivent \u00eatre aid\u00e9es dans l&rsquo;accomplissement des gestes de la vie courante, les personnes dont la maladie n\u00e9cessite un suivi m\u00e9dical g\u00e9riatrique sp\u00e9cialis\u00e9.<\/span><\/p>\t\t\t\t\t\t\t\t<\/div>\n\t\t\t\t<\/div>\n\t\t\t\t\t<\/div>\n\t\t<\/div>\n\t\t\t\t\t<\/div>\n\t\t<\/section>\n\t\t\t\t<section class=\"elementor-section elementor-top-section elementor-element elementor-element-4e45565 elementor-section-boxed elementor-section-height-default elementor-section-height-default\" data-id=\"4e45565\" data-element_type=\"section\">\n\t\t\t\t\t\t<div class=\"elementor-container elementor-column-gap-default\">\n\t\t\t\t\t<div class=\"elementor-column elementor-col-33 elementor-top-column elementor-element elementor-element-b29a71c\" data-id=\"b29a71c\" data-element_type=\"column\">\n\t\t\t<div class=\"elementor-widget-wrap elementor-element-populated\">\n\t\t\t\t\t\t<div class=\"elementor-element elementor-element-6a1bfd0 elementor-widget elementor-widget-image\" data-id=\"6a1bfd0\" data-element_type=\"widget\" data-widget_type=\"image.default\">\n\t\t\t\t<div class=\"elementor-widget-container\">\n\t\t\t\t\t\t\t\t\t\t\t\t\t\t\t<img decoding=\"async\" width=\"768\" height=\"576\" src=\"https:\/\/www.ch-shm.fr\/wp-content\/uploads\/2024\/12\/ehpad-langres-2-768x576.jpg\" class=\"attachment-medium_large size-medium_large wp-image-2036\" alt=\"\" srcset=\"https:\/\/www.ch-shm.fr\/wp-content\/uploads\/2024\/12\/ehpad-langres-2-768x576.jpg 768w, https:\/\/www.ch-shm.fr\/wp-content\/uploads\/2024\/12\/ehpad-langres-2-300x225.jpg 300w, https:\/\/www.ch-shm.fr\/wp-content\/uploads\/2024\/12\/ehpad-langres-2-1024x768.jpg 1024w, https:\/\/www.ch-shm.fr\/wp-content\/uploads\/2024\/12\/ehpad-langres-2-1536x1152.jpg 1536w, https:\/\/www.ch-shm.fr\/wp-content\/uploads\/2024\/12\/ehpad-langres-2-2048x1536.jpg 2048w\" sizes=\"(max-width: 768px) 100vw, 768px\" \/>\t\t\t\t\t\t\t\t\t\t\t\t\t\t\t<\/div>\n\t\t\t\t<\/div>\n\t\t\t\t\t<\/div>\n\t\t<\/div>\n\t\t\t\t<div class=\"elementor-column elementor-col-33 elementor-top-column elementor-element elementor-element-04fb560\" data-id=\"04fb560\" data-element_type=\"column\">\n\t\t\t<div class=\"elementor-widget-wrap elementor-element-populated\">\n\t\t\t\t\t\t<div class=\"elementor-element elementor-element-317c462 elementor-widget elementor-widget-image\" data-id=\"317c462\" data-element_type=\"widget\" data-widget_type=\"image.default\">\n\t\t\t\t<div class=\"elementor-widget-container\">\n\t\t\t\t\t\t\t\t\t\t\t\t\t\t\t<img decoding=\"async\" width=\"300\" height=\"225\" src=\"https:\/\/www.ch-shm.fr\/wp-content\/uploads\/2024\/12\/ehpad-langres-3-300x225.jpg\" class=\"attachment-medium size-medium wp-image-2035\" alt=\"\" srcset=\"https:\/\/www.ch-shm.fr\/wp-content\/uploads\/2024\/12\/ehpad-langres-3-300x225.jpg 300w, https:\/\/www.ch-shm.fr\/wp-content\/uploads\/2024\/12\/ehpad-langres-3-1024x768.jpg 1024w, https:\/\/www.ch-shm.fr\/wp-content\/uploads\/2024\/12\/ehpad-langres-3-768x576.jpg 768w, https:\/\/www.ch-shm.fr\/wp-content\/uploads\/2024\/12\/ehpad-langres-3-1536x1152.jpg 1536w, https:\/\/www.ch-shm.fr\/wp-content\/uploads\/2024\/12\/ehpad-langres-3-2048x1536.jpg 2048w\" sizes=\"(max-width: 300px) 100vw, 300px\" \/>\t\t\t\t\t\t\t\t\t\t\t\t\t\t\t<\/div>\n\t\t\t\t<\/div>\n\t\t\t\t\t<\/div>\n\t\t<\/div>\n\t\t\t\t<div class=\"elementor-column elementor-col-33 elementor-top-column elementor-element elementor-element-3aa34a3\" data-id=\"3aa34a3\" data-element_type=\"column\">\n\t\t\t<div class=\"elementor-widget-wrap elementor-element-populated\">\n\t\t\t\t\t\t<div class=\"elementor-element elementor-element-ec7df81 elementor-widget elementor-widget-image\" data-id=\"ec7df81\" data-element_type=\"widget\" data-widget_type=\"image.default\">\n\t\t\t\t<div class=\"elementor-widget-container\">\n\t\t\t\t\t\t\t\t\t\t\t\t\t\t\t<img loading=\"lazy\" decoding=\"async\" width=\"300\" height=\"225\" src=\"https:\/\/www.ch-shm.fr\/wp-content\/uploads\/2024\/12\/EHPAD-langres-300x225.jpg\" class=\"attachment-medium size-medium wp-image-2037\" alt=\"\" srcset=\"https:\/\/www.ch-shm.fr\/wp-content\/uploads\/2024\/12\/EHPAD-langres-300x225.jpg 300w, https:\/\/www.ch-shm.fr\/wp-content\/uploads\/2024\/12\/EHPAD-langres-1024x768.jpg 1024w, https:\/\/www.ch-shm.fr\/wp-content\/uploads\/2024\/12\/EHPAD-langres-768x576.jpg 768w, https:\/\/www.ch-shm.fr\/wp-content\/uploads\/2024\/12\/EHPAD-langres-1536x1152.jpg 1536w, https:\/\/www.ch-shm.fr\/wp-content\/uploads\/2024\/12\/EHPAD-langres-2048x1536.jpg 2048w\" sizes=\"(max-width: 300px) 100vw, 300px\" \/>\t\t\t\t\t\t\t\t\t\t\t\t\t\t\t<\/div>\n\t\t\t\t<\/div>\n\t\t\t\t\t<\/div>\n\t\t<\/div>\n\t\t\t\t\t<\/div>\n\t\t<\/section>\n\t\t\t\t<section class=\"elementor-section elementor-top-section elementor-element elementor-element-4670dcf elementor-section-boxed elementor-section-height-default elementor-section-height-default\" data-id=\"4670dcf\" data-element_type=\"section\">\n\t\t\t\t\t\t<div class=\"elementor-container elementor-column-gap-default\">\n\t\t\t\t\t<div class=\"elementor-column elementor-col-100 elementor-top-column elementor-element elementor-element-62889a0\" data-id=\"62889a0\" data-element_type=\"column\">\n\t\t\t<div class=\"elementor-widget-wrap elementor-element-populated\">\n\t\t\t\t\t\t<div class=\"elementor-element elementor-element-9a71e82 elementor-widget elementor-widget-text-editor\" data-id=\"9a71e82\" data-element_type=\"widget\" data-widget_type=\"text-editor.default\">\n\t\t\t\t<div class=\"elementor-widget-container\">\n\t\t\t\t\t\t\t\t\t<p><span style=\"color: #00003f;\">L\u2019EHPAD dispose de 133 lits dont 3 lits d\u2019h\u00e9bergement temporaire, une Unit\u00e9 de Vie Prot\u00e9g\u00e9e de 31 lits avec son jardin prot\u00e9g\u00e9 et un P\u00f4le d\u2019Activit\u00e9 et Soins Adapt\u00e9s (PASA).<\/span><\/p><p><span style=\"color: #00003f;\">L\u2019EHPAD accueille les personnes \u00e2g\u00e9es peu d\u00e9pendantes qui d\u00e9sirent trouver la s\u00e9curit\u00e9 d&rsquo;une institution pour les aider \u00e0 maintenir leur autonomie, les personnes d\u00e9pendantes ou pr\u00e9sentant un handicap, les personnes qui doivent \u00eatre aid\u00e9es dans l&rsquo;accomplissement des gestes de la vie courante, les personnes dont la maladie n\u00e9cessite un suivi m\u00e9dical g\u00e9riatrique sp\u00e9cialis\u00e9.<\/span><\/p>\t\t\t\t\t\t\t\t<\/div>\n\t\t\t\t<\/div>\n\t\t\t\t\t<\/div>\n\t\t<\/div>\n\t\t\t\t\t<\/div>\n\t\t<\/section>\n\t\t\t\t<section class=\"elementor-section elementor-top-section elementor-element elementor-element-fb52d8e elementor-section-boxed elementor-section-height-default elementor-section-height-default\" data-id=\"fb52d8e\" data-element_type=\"section\">\n\t\t\t\t\t\t<div class=\"elementor-container elementor-column-gap-default\">\n\t\t\t\t\t<div class=\"elementor-column elementor-col-100 elementor-top-column elementor-element elementor-element-44d5ffd\" data-id=\"44d5ffd\" data-element_type=\"column\">\n\t\t\t<div class=\"elementor-widget-wrap elementor-element-populated\">\n\t\t\t\t\t\t<div class=\"elementor-element elementor-element-728e3eb elementor-widget elementor-widget-text-editor\" data-id=\"728e3eb\" data-element_type=\"widget\" data-widget_type=\"text-editor.default\">\n\t\t\t\t<div class=\"elementor-widget-container\">\n\t\t\t\t\t\t\t\t\t<p><span style=\"color: #00003f;\">L\u2019EHPAD est organis\u00e9 en diff\u00e9rentes rues\u00a0:<\/span><\/p><table><tbody><tr><td width=\"318\"><p><span style=\"color: #00003f;\"><strong>Rez-de-Chauss\u00e9e<\/strong><\/span><\/p><\/td><td width=\"318\"><p><span style=\"color: #00003f;\"><strong>1<sup>er<\/sup> \u00e9tage<\/strong><\/span><\/p><\/td><\/tr><tr><td width=\"318\"><p><span style=\"color: #00003f;\"><strong>Rue de l\u2019Auberge<\/strong><\/span><\/p><\/td><td width=\"318\"><p><span style=\"color: #00003f;\"><strong>Rue du Verger<\/strong><\/span><\/p><\/td><\/tr><tr><td width=\"318\"><p><span style=\"color: #00003f;\"><strong>Rue de la Mairie<\/strong><\/span><\/p><\/td><td width=\"318\"><p><span style=\"color: #00003f;\"><strong>Rue des Vignes<\/strong><\/span><\/p><\/td><\/tr><tr><td width=\"318\"><p><span style=\"color: #00003f;\"><strong>Rue de l\u2019Ecole<\/strong><\/span><\/p><\/td><td width=\"318\"><p><span style=\"color: #00003f;\"><strong>Rue des Champs<\/strong><\/span><\/p><\/td><\/tr><tr><td width=\"318\"><p><span style=\"color: #00003f;\"><strong>Rue du Moulin<\/strong><\/span><\/p><\/td><td width=\"318\"><p><span style=\"color: #00003f;\"><strong>\u00a0<\/strong><\/span><\/p><\/td><\/tr><\/tbody><\/table><p><span style=\"color: #00003f;\">L\u2019EHPAD de Langres est un \u00e9tablissement M\u00e9dico Social Public d\u2019h\u00e9bergement pour personnes \u00e2g\u00e9es d\u00e9pendantes, en vertu de la convention tripartite* sign\u00e9e en 2005 par des repr\u00e9sentants de l\u2019Agence R\u00e9gionale de la Sant\u00e9 (ARS), du Conseil G\u00e9n\u00e9ral de la Haute Marne et la Direction.<\/span><\/p><p><span style=\"color: #00003f;\">*cf. lexique<\/span><\/p>\t\t\t\t\t\t\t\t<\/div>\n\t\t\t\t<\/div>\n\t\t\t\t\t<\/div>\n\t\t<\/div>\n\t\t\t\t\t<\/div>\n\t\t<\/section>\n\t\t\t\t<section class=\"elementor-section elementor-top-section elementor-element elementor-element-c1e9836 elementor-section-boxed elementor-section-height-default elementor-section-height-default\" data-id=\"c1e9836\" data-element_type=\"section\">\n\t\t\t\t\t\t<div class=\"elementor-container elementor-column-gap-default\">\n\t\t\t\t\t<div class=\"elementor-column elementor-col-100 elementor-top-column elementor-element elementor-element-809ca75\" data-id=\"809ca75\" data-element_type=\"column\">\n\t\t\t<div class=\"elementor-widget-wrap elementor-element-populated\">\n\t\t\t\t\t\t<div class=\"elementor-element elementor-element-de11485 elementor-widget elementor-widget-heading\" data-id=\"de11485\" data-element_type=\"widget\" data-widget_type=\"heading.default\">\n\t\t\t\t<div class=\"elementor-widget-container\">\n\t\t\t\t\t<h2 class=\"elementor-heading-title elementor-size-default\">Nos engagements <\/h2>\t\t\t\t<\/div>\n\t\t\t\t<\/div>\n\t\t\t\t<div class=\"elementor-element elementor-element-7c3c0cd elementor-widget elementor-widget-text-editor\" data-id=\"7c3c0cd\" data-element_type=\"widget\" data-widget_type=\"text-editor.default\">\n\t\t\t\t<div class=\"elementor-widget-container\">\n\t\t\t\t\t\t\t\t\t<p><span style=\"color: #00003f;\">Une d\u00e9marche collective est men\u00e9e au sein de l\u2019EHPAD afin d\u2019assurer\u00a0:<\/span><\/p><ul><li><span style=\"color: #00003f;\">une prise en charge globale de chaque r\u00e9sident, visant \u00e0 maintenir son autonomie et sa vie relationnelle, sociale, culturelle et spirituelle,<\/span><\/li><li><span style=\"color: #00003f;\">une prise en compte du caract\u00e8re individuel de chacun, afin que la personne \u00e2g\u00e9e se per\u00e7oive comme un \u00eatre digne d\u2019int\u00e9r\u00eat,<\/span><\/li><li><span style=\"color: #00003f;\">une ouverture sur l\u2019ext\u00e9rieur, qui favorise les liens sociaux avec les familles, les amis, les b\u00e9n\u00e9voles et maintient une dynamique socioculturelle,<\/span><\/li><\/ul><p><span style=\"color: #00003f;\">Et de ce fait, l\u2019\u00e9quipe pluridisciplinaire \u00e9tablit pour chaque r\u00e9sident et en partenariat avec lui, un projet de vie individualis\u00e9 (d\u00e9cret\u00a0 du 26\u00a0novembre\u00a02004).<\/span><\/p><p><span style=\"color: #00003f;\">Chaque r\u00e9sident a la possibilit\u00e9 de s\u2019adresser \u00e0 un soignant r\u00e9f\u00e9rent d\u00e9sign\u00e9, afin d\u2019encourager et faciliter la communication avec toutes les personnes qui l\u2019entourent. Les personnes d\u00e9sign\u00e9es \u00ab\u00a0r\u00e9f\u00e9rents\u00a0\u00bb ont notamment pour r\u00f4le, d\u2019\u00eatre les interm\u00e9diaires privil\u00e9gi\u00e9s entre les familles et le r\u00e9sident pour tout ce qui concerne la gestion courante, les informations m\u00e9dicales restant du domaine du m\u00e9decin.<\/span><\/p><p><span style=\"color: #00003f;\">De plus l\u2019\u00e9tablissement est engag\u00e9 dans une d\u00e9marche d&rsquo;\u00e9valuation interne et externe suivant la d\u00e9marche pr\u00e9conis\u00e9e par l&rsquo;ANESM (Agence Nationale de l&rsquo;Evaluation et de la Qualit\u00e9 des Etablissements et Services Sociaux et M\u00e9dico-sociaux). Des groupes de travail sont mis en place afin d\u2019analyser et am\u00e9liorer\u00a0:<\/span><\/p><ul><li><span style=\"color: #00003f;\">L\u2019attente et la satisfaction des r\u00e9sidents et de leurs familles.<\/span><\/li><li><span style=\"color: #00003f;\">L\u2019autonomie, l\u2019accompagnement et les soins.<\/span><\/li><li><span style=\"color: #00003f;\">L\u2019\u00e9tablissement et son environnement.<\/span><\/li><\/ul><p><span style=\"color: #00003f;\">Cet engagement garantit la qualit\u00e9 des prises en charge et favorise l\u2019expression des usagers et de leurs proches.<\/span><\/p>\t\t\t\t\t\t\t\t<\/div>\n\t\t\t\t<\/div>\n\t\t\t\t\t<\/div>\n\t\t<\/div>\n\t\t\t\t\t<\/div>\n\t\t<\/section>\n\t\t\t\t<section class=\"elementor-section elementor-top-section elementor-element elementor-element-26f16d4 elementor-section-boxed elementor-section-height-default elementor-section-height-default\" data-id=\"26f16d4\" data-element_type=\"section\">\n\t\t\t\t\t\t<div class=\"elementor-container elementor-column-gap-default\">\n\t\t\t\t\t<div class=\"elementor-column elementor-col-100 elementor-top-column elementor-element elementor-element-53f2efe\" data-id=\"53f2efe\" data-element_type=\"column\">\n\t\t\t<div class=\"elementor-widget-wrap elementor-element-populated\">\n\t\t\t\t\t\t<div class=\"elementor-element elementor-element-050849c elementor-widget elementor-widget-heading\" data-id=\"050849c\" data-element_type=\"widget\" data-widget_type=\"heading.default\">\n\t\t\t\t<div class=\"elementor-widget-container\">\n\t\t\t\t\t<h2 class=\"elementor-heading-title elementor-size-default\">Votre confort<\/h2>\t\t\t\t<\/div>\n\t\t\t\t<\/div>\n\t\t\t\t\t<\/div>\n\t\t<\/div>\n\t\t\t\t\t<\/div>\n\t\t<\/section>\n\t\t\t\t<section class=\"elementor-section elementor-top-section elementor-element elementor-element-fda6683 elementor-section-boxed elementor-section-height-default elementor-section-height-default\" data-id=\"fda6683\" data-element_type=\"section\">\n\t\t\t\t\t\t<div class=\"elementor-container elementor-column-gap-default\">\n\t\t\t\t\t<div class=\"elementor-column elementor-col-33 elementor-top-column elementor-element elementor-element-4f932be\" data-id=\"4f932be\" data-element_type=\"column\">\n\t\t\t<div class=\"elementor-widget-wrap elementor-element-populated\">\n\t\t\t\t\t\t<div class=\"elementor-element elementor-element-68c1d19 elementor-widget elementor-widget-text-editor\" data-id=\"68c1d19\" data-element_type=\"widget\" data-widget_type=\"text-editor.default\">\n\t\t\t\t<div class=\"elementor-widget-container\">\n\t\t\t\t\t\t\t\t\t<p><span style=\"color: #00003f;\"><strong><u>La chambre<\/u><\/strong>\u00a0:<\/span><\/p><p><span style=\"color: #00003f;\">Chaque chambre dispose d\u2019une salle de bain comportant une douche, des WC, barres d\u2019appui, lavabo vasque, miroir, meuble de rangement et poubelle.<\/span><\/p><p><span style=\"color: #00003f;\">Elle est meubl\u00e9e par un mobilier adapt\u00e9 aux personnes \u00e0 mobilit\u00e9 r\u00e9duite (lits m\u00e9dicalis\u00e9s, adaptables\u2026).<\/span><\/p><p><span style=\"color: #00003f;\">Toutes les chambres sont \u00e9quip\u00e9es d\u2019une t\u00e9l\u00e9vision, d\u2019une prise t\u00e9l\u00e9phonique individuelle et d\u2019un appel d\u2019urgence.<\/span><\/p><p><span style=\"color: #00003f;\">Cette chambre est votre espace priv\u00e9 et vous pouvez vous l\u2019approprier en la personnalisant et en la d\u00e9corant par l\u2019apport de photos, bibelots\u2026 Vous disposez d\u2019un panneau en li\u00e8ge pr\u00e9vu \u00e0 cet effet.<\/span><\/p><p><span style=\"color: #00003f;\"><strong><u>Salle de bains<\/u><\/strong>\u00a0:<\/span><\/p><p><span style=\"color: #00003f;\">Des salles de bains avec douche ou baignoire sont \u00e0 disposition sur les diff\u00e9rentes rues.<\/span><\/p><p><span style=\"color: #00003f;\"><strong><u>Salon de coiffure\u00a0:<\/u><\/strong><\/span><\/p><p><span style=\"color: #00003f;\">L\u2019EHPAD dispose d\u2019un salon de coiffure au rez-de-chauss\u00e9e avec poste de lavage adapt\u00e9, casque de chauffe,\u2026.<\/span><\/p>\t\t\t\t\t\t\t\t<\/div>\n\t\t\t\t<\/div>\n\t\t\t\t\t<\/div>\n\t\t<\/div>\n\t\t\t\t<div class=\"elementor-column elementor-col-66 elementor-top-column elementor-element elementor-element-1b9b09a\" data-id=\"1b9b09a\" data-element_type=\"column\">\n\t\t\t<div class=\"elementor-widget-wrap elementor-element-populated\">\n\t\t\t\t\t\t<div class=\"elementor-element elementor-element-807a14a elementor-widget__width-initial elementor-widget elementor-widget-image\" data-id=\"807a14a\" data-element_type=\"widget\" data-widget_type=\"image.default\">\n\t\t\t\t<div class=\"elementor-widget-container\">\n\t\t\t\t\t\t\t\t\t\t\t\t\t\t\t<img loading=\"lazy\" decoding=\"async\" width=\"300\" height=\"225\" src=\"https:\/\/www.ch-shm.fr\/wp-content\/uploads\/2024\/12\/ehpad-langres-6-300x225.jpg\" class=\"attachment-medium size-medium wp-image-2038\" alt=\"\" srcset=\"https:\/\/www.ch-shm.fr\/wp-content\/uploads\/2024\/12\/ehpad-langres-6-300x225.jpg 300w, https:\/\/www.ch-shm.fr\/wp-content\/uploads\/2024\/12\/ehpad-langres-6-1024x768.jpg 1024w, https:\/\/www.ch-shm.fr\/wp-content\/uploads\/2024\/12\/ehpad-langres-6-768x576.jpg 768w, https:\/\/www.ch-shm.fr\/wp-content\/uploads\/2024\/12\/ehpad-langres-6-1536x1152.jpg 1536w, https:\/\/www.ch-shm.fr\/wp-content\/uploads\/2024\/12\/ehpad-langres-6-2048x1536.jpg 2048w\" sizes=\"(max-width: 300px) 100vw, 300px\" \/>\t\t\t\t\t\t\t\t\t\t\t\t\t\t\t<\/div>\n\t\t\t\t<\/div>\n\t\t\t\t<div class=\"elementor-element elementor-element-ed7f032 elementor-widget elementor-widget-spacer\" data-id=\"ed7f032\" data-element_type=\"widget\" data-widget_type=\"spacer.default\">\n\t\t\t\t<div class=\"elementor-widget-container\">\n\t\t\t\t\t\t\t<div class=\"elementor-spacer\">\n\t\t\t<div class=\"elementor-spacer-inner\"><\/div>\n\t\t<\/div>\n\t\t\t\t\t\t<\/div>\n\t\t\t\t<\/div>\n\t\t\t\t<div class=\"elementor-element elementor-element-c2dd4db elementor-widget elementor-widget-image\" data-id=\"c2dd4db\" data-element_type=\"widget\" data-widget_type=\"image.default\">\n\t\t\t\t<div class=\"elementor-widget-container\">\n\t\t\t\t\t\t\t\t\t\t\t\t\t\t\t<img loading=\"lazy\" decoding=\"async\" width=\"225\" height=\"300\" src=\"https:\/\/www.ch-shm.fr\/wp-content\/uploads\/2024\/12\/ehpad-langres-4-225x300.jpg\" class=\"attachment-medium size-medium wp-image-2039\" alt=\"\" srcset=\"https:\/\/www.ch-shm.fr\/wp-content\/uploads\/2024\/12\/ehpad-langres-4-225x300.jpg 225w, https:\/\/www.ch-shm.fr\/wp-content\/uploads\/2024\/12\/ehpad-langres-4-768x1024.jpg 768w, https:\/\/www.ch-shm.fr\/wp-content\/uploads\/2024\/12\/ehpad-langres-4-1152x1536.jpg 1152w, https:\/\/www.ch-shm.fr\/wp-content\/uploads\/2024\/12\/ehpad-langres-4-1536x2048.jpg 1536w, https:\/\/www.ch-shm.fr\/wp-content\/uploads\/2024\/12\/ehpad-langres-4.jpg 1704w\" sizes=\"(max-width: 225px) 100vw, 225px\" \/>\t\t\t\t\t\t\t\t\t\t\t\t\t\t\t<\/div>\n\t\t\t\t<\/div>\n\t\t\t\t\t<\/div>\n\t\t<\/div>\n\t\t\t\t\t<\/div>\n\t\t<\/section>\n\t\t\t\t<section class=\"elementor-section elementor-top-section elementor-element elementor-element-c3e680f elementor-section-boxed elementor-section-height-default elementor-section-height-default\" data-id=\"c3e680f\" data-element_type=\"section\">\n\t\t\t\t\t\t<div class=\"elementor-container elementor-column-gap-default\">\n\t\t\t\t\t<div class=\"elementor-column elementor-col-50 elementor-top-column elementor-element elementor-element-b20dd46\" data-id=\"b20dd46\" data-element_type=\"column\">\n\t\t\t<div class=\"elementor-widget-wrap elementor-element-populated\">\n\t\t\t\t\t\t<div class=\"elementor-element elementor-element-5e6632f elementor-widget elementor-widget-text-editor\" data-id=\"5e6632f\" data-element_type=\"widget\" data-widget_type=\"text-editor.default\">\n\t\t\t\t<div class=\"elementor-widget-container\">\n\t\t\t\t\t\t\t\t\t<p><span style=\"color: #00003f;\"><strong><u>Salle \u00e0 manger\u00a0:<\/u><\/strong><\/span><\/p><p><span style=\"color: #00003f;\">Une grande salle \u00e0 manger au rez-de-chauss\u00e9e accueille les r\u00e9sidents pour le d\u00e9jeuner et le d\u00eener.<\/span><\/p><p><span style=\"color: #00003f;\">Des petites salles \u00e0 manger sont \u00e0 disposition dans chaque rue pour prendre le petit d\u00e9jeuner et si vous le souhaitez les collations.<\/span><\/p><p><span style=\"color: #00003f;\"><strong><u>Salle d\u2019animation\u00a0:<\/u><\/strong><\/span><\/p><p><span style=\"color: #00003f;\">Une salle d\u2019animation au rez-de-chauss\u00e9e avec coin TV est \u00e0 votre disposition.<\/span><\/p><p><span style=\"color: #00003f;\"><strong><u>Salon\u00a0:<\/u><\/strong><\/span><\/p><p><span style=\"color: #00003f;\">Des petits salons dans diff\u00e9rentes rues sont \u00e0 votre disposition.<\/span><\/p><p><span style=\"color: #00003f;\"><strong><u>Salle de kin\u00e9sith\u00e9rapie\u00a0:<\/u><\/strong><\/span><\/p><p><span style=\"color: #00003f;\">Une salle de kin\u00e9sith\u00e9rapie \u00e9quip\u00e9e de mat\u00e9riel de kin\u00e9sith\u00e9rapie (verticalisateur, barres de marche\u2026) est \u00e0 disposition au rez-de-chauss\u00e9e.<\/span><\/p>\t\t\t\t\t\t\t\t<\/div>\n\t\t\t\t<\/div>\n\t\t\t\t\t<\/div>\n\t\t<\/div>\n\t\t\t\t<div class=\"elementor-column elementor-col-50 elementor-top-column elementor-element elementor-element-7b7ee71\" data-id=\"7b7ee71\" data-element_type=\"column\">\n\t\t\t<div class=\"elementor-widget-wrap elementor-element-populated\">\n\t\t\t\t\t\t<div class=\"elementor-element elementor-element-a79af1c elementor-widget elementor-widget-image\" data-id=\"a79af1c\" data-element_type=\"widget\" data-widget_type=\"image.default\">\n\t\t\t\t<div class=\"elementor-widget-container\">\n\t\t\t\t\t\t\t\t\t\t\t\t\t\t\t<img loading=\"lazy\" decoding=\"async\" width=\"1024\" height=\"768\" src=\"https:\/\/www.ch-shm.fr\/wp-content\/uploads\/2024\/12\/ehpad-salon-langres-1024x768.jpg\" class=\"attachment-large size-large wp-image-2040\" alt=\"\" srcset=\"https:\/\/www.ch-shm.fr\/wp-content\/uploads\/2024\/12\/ehpad-salon-langres-1024x768.jpg 1024w, https:\/\/www.ch-shm.fr\/wp-content\/uploads\/2024\/12\/ehpad-salon-langres-300x225.jpg 300w, https:\/\/www.ch-shm.fr\/wp-content\/uploads\/2024\/12\/ehpad-salon-langres-768x576.jpg 768w, https:\/\/www.ch-shm.fr\/wp-content\/uploads\/2024\/12\/ehpad-salon-langres-1536x1152.jpg 1536w, https:\/\/www.ch-shm.fr\/wp-content\/uploads\/2024\/12\/ehpad-salon-langres-2048x1536.jpg 2048w\" sizes=\"(max-width: 1024px) 100vw, 1024px\" \/>\t\t\t\t\t\t\t\t\t\t\t\t\t\t\t<\/div>\n\t\t\t\t<\/div>\n\t\t\t\t<div class=\"elementor-element elementor-element-a3c51bd elementor-widget elementor-widget-image\" data-id=\"a3c51bd\" data-element_type=\"widget\" data-widget_type=\"image.default\">\n\t\t\t\t<div class=\"elementor-widget-container\">\n\t\t\t\t\t\t\t\t\t\t\t\t\t\t\t<img loading=\"lazy\" decoding=\"async\" width=\"300\" height=\"225\" src=\"https:\/\/www.ch-shm.fr\/wp-content\/uploads\/2024\/12\/ehpad-salle-a-manger-300x225.jpg\" class=\"attachment-medium size-medium wp-image-2041\" alt=\"\" srcset=\"https:\/\/www.ch-shm.fr\/wp-content\/uploads\/2024\/12\/ehpad-salle-a-manger-300x225.jpg 300w, https:\/\/www.ch-shm.fr\/wp-content\/uploads\/2024\/12\/ehpad-salle-a-manger-1024x768.jpg 1024w, https:\/\/www.ch-shm.fr\/wp-content\/uploads\/2024\/12\/ehpad-salle-a-manger-768x576.jpg 768w, https:\/\/www.ch-shm.fr\/wp-content\/uploads\/2024\/12\/ehpad-salle-a-manger-1536x1152.jpg 1536w, https:\/\/www.ch-shm.fr\/wp-content\/uploads\/2024\/12\/ehpad-salle-a-manger-2048x1536.jpg 2048w\" sizes=\"(max-width: 300px) 100vw, 300px\" \/>\t\t\t\t\t\t\t\t\t\t\t\t\t\t\t<\/div>\n\t\t\t\t<\/div>\n\t\t\t\t\t<\/div>\n\t\t<\/div>\n\t\t\t\t\t<\/div>\n\t\t<\/section>\n\t\t\t\t<section class=\"elementor-section elementor-top-section elementor-element elementor-element-87930bc elementor-section-boxed elementor-section-height-default elementor-section-height-default\" data-id=\"87930bc\" data-element_type=\"section\">\n\t\t\t\t\t\t<div class=\"elementor-container elementor-column-gap-default\">\n\t\t\t\t\t<div class=\"elementor-column elementor-col-100 elementor-top-column elementor-element elementor-element-67c36c1\" data-id=\"67c36c1\" data-element_type=\"column\">\n\t\t\t<div class=\"elementor-widget-wrap elementor-element-populated\">\n\t\t\t\t\t\t<div class=\"elementor-element elementor-element-9afa969 elementor-widget elementor-widget-heading\" data-id=\"9afa969\" data-element_type=\"widget\" data-widget_type=\"heading.default\">\n\t\t\t\t<div class=\"elementor-widget-container\">\n\t\t\t\t\t<h2 class=\"elementor-heading-title elementor-size-default\">Prestations<\/h2>\t\t\t\t<\/div>\n\t\t\t\t<\/div>\n\t\t\t\t\t<\/div>\n\t\t<\/div>\n\t\t\t\t\t<\/div>\n\t\t<\/section>\n\t\t\t\t<section class=\"elementor-section elementor-top-section elementor-element elementor-element-56f068a elementor-section-boxed elementor-section-height-default elementor-section-height-default\" data-id=\"56f068a\" data-element_type=\"section\">\n\t\t\t\t\t\t<div class=\"elementor-container elementor-column-gap-default\">\n\t\t\t\t\t<div class=\"elementor-column elementor-col-100 elementor-top-column elementor-element elementor-element-0ee3d88\" data-id=\"0ee3d88\" data-element_type=\"column\">\n\t\t\t<div class=\"elementor-widget-wrap elementor-element-populated\">\n\t\t\t\t\t\t<div class=\"elementor-element elementor-element-7a044a7 elementor-widget elementor-widget-text-editor\" data-id=\"7a044a7\" data-element_type=\"widget\" data-widget_type=\"text-editor.default\">\n\t\t\t\t<div class=\"elementor-widget-container\">\n\t\t\t\t\t\t\t\t\t<p style=\"text-align: center;\"><span style=\"color: #00003f;\"><strong><u>Le suivi m\u00e9dical\u00a0:<\/u><\/strong><\/span><\/p><p><span style=\"color: #00003f;\">Conform\u00e9ment \u00e0 la r\u00e9glementation d\u2019un EHPAD, le r\u00e9sident a le libre choix de son m\u00e9decin (m\u00e9decin traitant lib\u00e9ral). Cependant, l\u2019\u00e9tablissement met \u00e0 disposition un m\u00e9decin g\u00e9riatre attach\u00e9 au service et \u00e0 la surveillance de l\u2019\u00e9tat de sant\u00e9 de la personne h\u00e9berg\u00e9e.<\/span><\/p><p><span style=\"color: #00003f;\">Le m\u00e9decin coordonnateur veille alors \u00e0 la bonne organisation et \u00e0 la qualit\u00e9 des soins, au respect, par les intervenants lib\u00e9raux, du r\u00e8glement int\u00e9rieur de l\u2019\u00e9tablissement. Il s\u2019assure que les soins prescrits peuvent \u00eatre dispens\u00e9s dans de bonnes conditions de s\u00e9curit\u00e9 et dans le respect des textes.<\/span><\/p><p><span style=\"color: #00003f;\">La fourniture des m\u00e9dicaments prescrits ainsi que la parapharmacie sont assur\u00e9es par la pharmacie de l&rsquo;H\u00f4pital de Langres. Il est donc demand\u00e9 aux familles de ne pas apporter de m\u00e9dicaments \u00e0 leur parent sans en informer l\u2019\u00e9quipe soignante.<\/span><\/p><p><span style=\"color: #00003f;\">Les examens de laboratoire prescrits sont confi\u00e9s au laboratoire de l&rsquo;H\u00f4pital de Langres. Ces prestations sont incluses dans le forfait soins, directement pris en charge par la s\u00e9curit\u00e9 sociale (sans aucune avance de frais).<\/span><\/p><p><span style=\"color: #00003f;\"><strong><u>La kin\u00e9sith\u00e9rapie\u00a0:<\/u><\/strong><\/span><\/p><p><span style=\"color: #00003f;\">Un professionnel intervient plusieurs fois par semaine, sur prescription m\u00e9dicale. Il conseille et accompagne les \u00e9quipes soignantes dans l\u2019aide au maintien de l\u2019autonomie au quotidien.<\/span><\/p><p><span style=\"color: #00003f;\"><strong><u>Les repas\u00a0:<\/u><\/strong><\/span><\/p><p><span style=\"color: #00003f;\">Ils sont pr\u00e9par\u00e9s par un prestataire ext\u00e9rieur et supervis\u00e9s par une di\u00e9t\u00e9ticienne. La s\u00e9curit\u00e9 alimentaire est renforc\u00e9e, gr\u00e2ce au respect des normes HACCP*.<\/span><\/p><p><span style=\"color: #00003f;\">Les menus \u00e9tablis sont affich\u00e9s dans chaque unit\u00e9 pour la semaine.<\/span><\/p><p><span style=\"color: #00003f;\">Un recueil des go\u00fbts et pr\u00e9f\u00e9rences alimentaires est effectu\u00e9 au moment de l\u2019entr\u00e9e, permettant d&rsquo;adapter au mieux de nos possibilit\u00e9s l&rsquo;alimentation au go\u00fbt de chacun.<\/span><\/p><p style=\"text-align: left;\"><span style=\"color: #00003f;\">Les r\u00e9gimes alimentaires rel\u00e8vent de la prescription m\u00e9dicale.<\/span><\/p>\t\t\t\t\t\t\t\t<\/div>\n\t\t\t\t<\/div>\n\t\t\t\t\t<\/div>\n\t\t<\/div>\n\t\t\t\t\t<\/div>\n\t\t<\/section>\n\t\t\t\t<section class=\"elementor-section elementor-top-section elementor-element elementor-element-33d0e96 elementor-section-boxed elementor-section-height-default elementor-section-height-default\" data-id=\"33d0e96\" data-element_type=\"section\">\n\t\t\t\t\t\t<div class=\"elementor-container elementor-column-gap-default\">\n\t\t\t\t\t<div class=\"elementor-column elementor-col-100 elementor-top-column elementor-element elementor-element-09e20ca\" data-id=\"09e20ca\" data-element_type=\"column\">\n\t\t\t<div class=\"elementor-widget-wrap elementor-element-populated\">\n\t\t\t\t\t\t<div class=\"elementor-element elementor-element-57b83d5 elementor-widget-divider--view-line elementor-widget elementor-widget-divider\" data-id=\"57b83d5\" data-element_type=\"widget\" data-widget_type=\"divider.default\">\n\t\t\t\t<div class=\"elementor-widget-container\">\n\t\t\t\t\t\t\t<div class=\"elementor-divider\">\n\t\t\t<span class=\"elementor-divider-separator\">\n\t\t\t\t\t\t<\/span>\n\t\t<\/div>\n\t\t\t\t\t\t<\/div>\n\t\t\t\t<\/div>\n\t\t\t\t<div class=\"elementor-element elementor-element-5046634 elementor-view-default elementor-widget elementor-widget-icon\" data-id=\"5046634\" data-element_type=\"widget\" data-widget_type=\"icon.default\">\n\t\t\t\t<div class=\"elementor-widget-container\">\n\t\t\t\t\t\t\t<div class=\"elementor-icon-wrapper\">\n\t\t\t<div class=\"elementor-icon\">\n\t\t\t<i aria-hidden=\"true\" class=\"fas fa-book-open\"><\/i>\t\t\t<\/div>\n\t\t<\/div>\n\t\t\t\t\t\t<\/div>\n\t\t\t\t<\/div>\n\t\t\t\t<div class=\"elementor-element elementor-element-ddb201d elementor-widget elementor-widget-text-editor\" data-id=\"ddb201d\" data-element_type=\"widget\" data-widget_type=\"text-editor.default\">\n\t\t\t\t<div class=\"elementor-widget-container\">\n\t\t\t\t\t\t\t\t\t<p style=\"text-align: center;\"><span style=\"color: #00003f; font-size: 18pt;\"><strong>Horaires des repas<\/strong><\/span><\/p><ul><li><span style=\"color: #00003f;\"><strong>Petit d\u00e9jeuner 06h30 \u00e0 08h30 dans les salles \u00e0 manger<\/strong><\/span><\/li><li><span style=\"color: #00003f;\"><strong>D\u00e9jeuner 12h00 en salle de restaurant central<\/strong><\/span><\/li><li><span style=\"color: #00003f;\"><strong>D\u00eener 18h00 en salle de restaurant central<\/strong><\/span><\/li><li><span style=\"color: #00003f;\"><strong>Collation 10h00, 15h30 et 21h00<\/strong><\/span><\/li><\/ul>\t\t\t\t\t\t\t\t<\/div>\n\t\t\t\t<\/div>\n\t\t\t\t<div class=\"elementor-element elementor-element-0d5026c elementor-widget-divider--view-line elementor-widget elementor-widget-divider\" data-id=\"0d5026c\" data-element_type=\"widget\" data-widget_type=\"divider.default\">\n\t\t\t\t<div class=\"elementor-widget-container\">\n\t\t\t\t\t\t\t<div class=\"elementor-divider\">\n\t\t\t<span class=\"elementor-divider-separator\">\n\t\t\t\t\t\t<\/span>\n\t\t<\/div>\n\t\t\t\t\t\t<\/div>\n\t\t\t\t<\/div>\n\t\t\t\t\t<\/div>\n\t\t<\/div>\n\t\t\t\t\t<\/div>\n\t\t<\/section>\n\t\t\t\t<section class=\"elementor-section elementor-top-section elementor-element elementor-element-4b6e39f elementor-section-boxed elementor-section-height-default elementor-section-height-default\" data-id=\"4b6e39f\" data-element_type=\"section\">\n\t\t\t\t\t\t<div class=\"elementor-container elementor-column-gap-default\">\n\t\t\t\t\t<div class=\"elementor-column elementor-col-100 elementor-top-column elementor-element elementor-element-fe4ccae\" data-id=\"fe4ccae\" data-element_type=\"column\">\n\t\t\t<div class=\"elementor-widget-wrap elementor-element-populated\">\n\t\t\t\t\t\t<div class=\"elementor-element elementor-element-65d24ec elementor-widget elementor-widget-text-editor\" data-id=\"65d24ec\" data-element_type=\"widget\" data-widget_type=\"text-editor.default\">\n\t\t\t\t<div class=\"elementor-widget-container\">\n\t\t\t\t\t\t\t\t\t<p><span style=\"color: #00003f;\">Une infusion et une collation l\u00e9g\u00e8re (fruit, yaourt) peuvent \u00eatre servies, sur demande, aupr\u00e8s de l\u2019\u00e9quipe de nuit.<\/span><\/p><p><span style=\"color: #00003f;\">Sur r\u00e9servation et en fonction des places disponibles, les r\u00e9sidents peuvent recevoir des invit\u00e9s pour d\u00e9jeuner. Seuls les repas des invit\u00e9s sont factur\u00e9s et ce, au prix fix\u00e9 annuellement par le directeur.<\/span><\/p><p><span style=\"color: #00003f;\"><strong><u>Le linge\u00a0:<\/u><\/strong><\/span><\/p><p><span style=\"color: #00003f;\">Le linge est entretenu par un prestataire ext\u00e9rieur \u00e0 l\u2019\u00e9tablissement et restitu\u00e9 par l\u2019\u00e9quipe de l\u2019EHPAD. Il est donc indispensable que chaque v\u00eatement soit \u00e9tiquet\u00e9 \u00e0 votre nom, pr\u00e9nom et service (avec des \u00e9tiquettes tiss\u00e9es et cousues si c\u2019est vous qui le r\u00e9alisez). Le service de Lingerie du Centre Hospitalier apposera gratuitement l\u2019\u00e9tiquetage du trousseau.<\/span><\/p><p><span style=\"color: #00003f;\">A son entr\u00e9e, le nouveau r\u00e9sident doit apporter un trousseau suffisant et adapt\u00e9. Les tissus et lainages fragiles sont \u00e0 \u00e9viter. Merci de vous renseigner pr\u00e9alablement aupr\u00e8s du secr\u00e9tariat.<\/span><\/p><p><span style=\"color: #00003f;\">Les travaux de couture, quels qu\u2019ils soient, ne sont pas pris en charge par l\u2019\u00e9tablissement.<\/span><\/p><p><span style=\"color: #00003f;\"><strong><u>L\u2019entretien\u00a0:<\/u><\/strong><\/span><\/p><p><span style=\"color: #00003f;\">Le m\u00e9nage est effectu\u00e9 tous les jours par une \u00e9quipe d\u2019entretien, sous la responsabilit\u00e9 de l\u2019infirmi\u00e8re hygi\u00e9niste et dans le respect des protocoles d\u2019hygi\u00e8ne \u00e9tablis (bio nettoyage des chambres).<\/span><\/p><p><span style=\"color: #00003f;\">Une \u00e9quipe d\u2019ouvriers sp\u00e9cialis\u00e9s assure la maintenance des \u00e9quipements et du mobilier de l\u2019\u00e9tablissement, ainsi que l\u2019entretien du b\u00e2timent.<\/span><\/p><p><span style=\"color: #00003f;\"><strong><u>Le courrier\u00a0:<\/u><\/strong><\/span><\/p><p><span style=\"color: #00003f;\">Il est distribu\u00e9 chaque jour ouvrable et post\u00e9 \u00e0 votre demande.<\/span><\/p><p><span style=\"color: #00003f;\"><strong><u>Les visites\u00a0: <\/u><\/strong><\/span><\/p><p><span style=\"color: #00003f;\">Les visites sont libres, dans la mesure o\u00f9 le r\u00e9sident les accepte. Il est toutefois pr\u00e9f\u00e9rable de venir entre 11h30 et 20h00, afin de ne pas perturber les soins. Par ailleurs, les r\u00e9sidents qui participent aux activit\u00e9s peuvent \u00eatre g\u00ean\u00e9s par une visite impromptue, les visiteurs sont donc invit\u00e9s \u00e0 se renseigner en consultant l&rsquo;infirmi\u00e8re du service.<\/span><\/p><p><span style=\"color: #00003f;\"><strong><u>Le culte\u00a0:<\/u><\/strong><\/span><\/p><p><span style=\"color: #00003f;\">Les r\u00e9sidents sont libres de pratiquer leur religion, dans la mesure o\u00f9 cette pratique respecte les opinions des autres.<\/span><\/p><p><span style=\"color: #00003f;\">Pour les r\u00e9sidents de confession catholique, la messe est c\u00e9l\u00e9br\u00e9e chaque vendredi et un service d\u2019aum\u00f4nerie fonctionne de mani\u00e8re r\u00e9guli\u00e8re.<\/span><\/p><p><span style=\"color: #00003f;\">L\u2019intervention d\u2019un ministre du culte des principales religions repr\u00e9sent\u00e9es en France et pr\u00e9sentes \u00e0 Langres est possible.<\/span><\/p><p><span style=\"color: #00003f;\"><strong><u>La coiffure\u00a0:<\/u><\/strong><\/span><\/p><p><span style=\"color: #00003f;\">Un salon de coiffure est am\u00e9nag\u00e9 dans l\u2019\u00e9tablissement. Le r\u00e9sident peut y faire venir son coiffeur personnel, mais cette prestation reste \u00e0 sa charge financi\u00e8re. Par ailleurs, le personnel propose shampoing et mise en plis \u00e0 ceux qui le souhaitent.<\/span><\/p><p><span style=\"color: #00003f;\"><strong><u>L\u2019animation<\/u><\/strong>\u00a0:<\/span><\/p><p><span style=\"color: #00003f;\">Elle est partie int\u00e9grante du projet de vie individualis\u00e9 et est une priorit\u00e9 pour l\u2019\u00e9tablissement. Une animatrice qualifi\u00e9e organise et planifie les animations. Elles permettent les \u00e9changes avec les autres r\u00e9sidents et avec le personnel, dans une ambiance conviviale.<\/span><\/p><p><span style=\"color: #00003f;\">Le programme des activit\u00e9s et sorties est affich\u00e9 sur les panneaux \u00e0 cet effet. Sont pr\u00e9vus entre autres, des sorties au cin\u00e9ma, des repas \u00e9labor\u00e9s par la section h\u00f4tellerie du Lyc\u00e9e d\u2019Enseignement Professionnel (LEP) des Franchises, des pique-niques, barbecues, lotos, visites ext\u00e9rieures\u2026<\/span><\/p><p><span style=\"color: #00003f;\">L\u2019\u00e9quipe pluridisciplinaire de l\u2019EHPAD est tr\u00e8s investie dans le projet animation et propose chaque jour divers ateliers (d\u00e9coration \u00e0 th\u00e8me, p\u00e2tisserie, lecture, jeux de soci\u00e9t\u00e9\u2026). Ces activit\u00e9s sont propos\u00e9es en fonction de l\u2019histoire de vie de la personne qui y participe, de ses go\u00fbts et habitudes pass\u00e9es.<\/span><\/p><p><span style=\"color: #00003f;\">Les anniversaires sont f\u00eat\u00e9s chaque mois.<\/span><\/p><p><span style=\"color: #00003f;\">Des b\u00e9n\u00e9voles de l\u2019association \u00ab\u00a0Vitamines\u00a0\u00bb interviennent r\u00e9guli\u00e8rement dans l\u2019\u00e9tablissement et se m\u00ealent aux chants, jeux de soci\u00e9t\u00e9, lecture, tout en accompagnant les sorties sur l\u2019ext\u00e9rieur.<\/span><\/p>\t\t\t\t\t\t\t\t<\/div>\n\t\t\t\t<\/div>\n\t\t\t\t\t<\/div>\n\t\t<\/div>\n\t\t\t\t\t<\/div>\n\t\t<\/section>\n\t\t\t\t<section class=\"elementor-section elementor-top-section elementor-element elementor-element-79bd3ee elementor-section-boxed elementor-section-height-default elementor-section-height-default\" data-id=\"79bd3ee\" data-element_type=\"section\">\n\t\t\t\t\t\t<div class=\"elementor-container elementor-column-gap-default\">\n\t\t\t\t\t<div class=\"elementor-column elementor-col-100 elementor-top-column elementor-element elementor-element-7b50e90\" data-id=\"7b50e90\" data-element_type=\"column\">\n\t\t\t<div class=\"elementor-widget-wrap elementor-element-populated\">\n\t\t\t\t\t\t<div class=\"elementor-element elementor-element-9b39555 elementor-widget elementor-widget-heading\" data-id=\"9b39555\" data-element_type=\"widget\" data-widget_type=\"heading.default\">\n\t\t\t\t<div class=\"elementor-widget-container\">\n\t\t\t\t\t<h2 class=\"elementor-heading-title elementor-size-default\">Organisation Administrative<\/h2>\t\t\t\t<\/div>\n\t\t\t\t<\/div>\n\t\t\t\t<div class=\"elementor-element elementor-element-e008bfa elementor-widget elementor-widget-text-editor\" data-id=\"e008bfa\" data-element_type=\"widget\" data-widget_type=\"text-editor.default\">\n\t\t\t\t<div class=\"elementor-widget-container\">\n\t\t\t\t\t\t\t\t\t<p><span style=\"color: #00003f;\"><strong><u>Conseil de la vie sociale<\/u><\/strong><\/span><\/p><p><span style=\"color: #00003f;\">La Loi n\u00b0 2002-2 du 2 janvier 2002, r\u00e9novant l\u2019action sociale et m\u00e9dico-sociale, a consacr\u00e9 la participation des usagers et des familles \u00e0 la vie des \u00e9tablissements recevant des personnes \u00e2g\u00e9es (EHPAD), en r\u00e9formant le Conseil d\u2019\u00e9tablissement, pour en faire le Conseil de la Vie Sociale, au sein duquel la voix des r\u00e9sidents doit \u00eatre pr\u00e9pond\u00e9rante. Elle a ouvert la voie \u00e0 une collaboration plus \u00e9troite entre les \u00e9quipes qui accompagnent les r\u00e9sidents, ces derniers et leurs familles.<\/span><\/p><p><span style=\"color: #00003f;\">Les membres du Conseil de la Vie Sociale sont \u00e9lus par coll\u00e8ge de repr\u00e9sentants. Ce Conseil se r\u00e9unit au moins trois fois dans l\u2019ann\u00e9e. Il donne un avis et \u00e9met des propositions sur tout ce qui concerne le fonctionnement de l\u2019\u00e9tablissement :<\/span><\/p><ul><li><span style=\"color: #00003f;\">r\u00e8glement relatif au fonctionnement de l\u2019\u00e9tablissement,<\/span><\/li><li><span style=\"color: #00003f;\">organisation interne de la vie quotidienne, les activit\u00e9s, l\u2019animation et les services th\u00e9rapeutiques,<\/span><\/li><li><span style=\"color: #00003f;\">les projets de travaux et d\u2019\u00e9quipements,<\/span><\/li><li><span style=\"color: #00003f;\">l\u2019entretien des locaux,<\/span><\/li><li><span style=\"color: #00003f;\">les relogements pr\u00e9vus en cas de fermeture ou de travaux.<\/span><\/li><\/ul><p><span style=\"color: #00003f;\">La loi HPST (H\u00f4pital, Patients, Sant\u00e9, Territoire) modifiant en profondeur la gouvernance des \u00e9tablissements publics de sant\u00e9, ceux-ci sont dor\u00e9navant dot\u00e9s d\u2019un conseil de surveillance et dirig\u00e9s par un directeur, assist\u00e9 d\u2019un directoire.<\/span><\/p><p><span style=\"color: #00003f;\"><strong><u>Conseil de surveillance\u00a0:<\/u><\/strong><\/span><\/p><p><span style=\"color: #00003f;\">Le conseil de surveillance remplace le conseil d\u2019administration. Ses missions sont recentr\u00e9es sur les orientations strat\u00e9giques et le contr\u00f4le permanent de l\u2019\u00e9tablissement. Le conseil de surveillance est compos\u00e9 de trois coll\u00e8ges et comprend, au plus, 15 membres.<\/span><\/p><p><span style=\"color: #00003f;\">Pour le centre hospitalier de Langres, 9 membres si\u00e8gent avec voix d\u00e9lib\u00e9rative<\/span><\/p><ul><li><span style=\"color: #00003f;\">3 repr\u00e9sentants des collectivit\u00e9s territoriales<\/span><\/li><li><span style=\"color: #00003f;\">3 repr\u00e9sentants du personnel<\/span><\/li><li><span style=\"color: #00003f;\">1 personnalit\u00e9 qualifi\u00e9e, d\u00e9sign\u00e9e par le Directeur de l\u2019Agence R\u00e9gionale de Sant\u00e9 de Champagne-Ardenne<\/span><\/li><li><span style=\"color: #00003f;\">2 repr\u00e9sentants des usagers, d\u00e9sign\u00e9s par le Pr\u00e9fet de d\u00e9partement de la Haute-Marne<\/span><\/li><\/ul><p><span style=\"color: #00003f;\"><strong><u>Directoire<\/u><\/strong><\/span><\/p><p><span style=\"color: #00003f;\">Le directoire appuie et conseille le directeur dans la gestion et la conduite de l\u2019\u00e9tablissement. Instance coll\u00e9giale, le directoire est un lieu d\u2019\u00e9change des points de vue gestionnaires, m\u00e9dicaux et soignants. Il a pour mission de veiller \u00e0 la coh\u00e9rence des projets de p\u00f4les avec le projet m\u00e9dical, et avec l\u2019ensemble du projet d\u2019\u00e9tablissement.<\/span><\/p><p><span style=\"color: #00003f;\">Le pr\u00e9sident du directoire est le directeur. Le vice-pr\u00e9sident du directoire est le pr\u00e9sident de la commission m\u00e9dicale d\u2019\u00e9tablissement (CME). Le pr\u00e9sident de la commission des soins infirmiers, de r\u00e9\u00e9ducation et m\u00e9dico-techniques en est membre de droit.<\/span><\/p><p><span style=\"color: #00003f;\">Le directoire comprend une majorit\u00e9 de professionnels m\u00e9dicaux, pharmaciens, odontologistes ou ma\u00efeuticiens. Ceux-ci sont nomm\u00e9s par le pr\u00e9sident du directoire, apr\u00e8s proposition du pr\u00e9sident de CME.<\/span><\/p><p><span style=\"color: #00003f;\">Dans les centres hospitaliers, le directoire compte 7 membres dont 3 membres de droit et 4 membres nomm\u00e9s.<\/span><\/p>\t\t\t\t\t\t\t\t<\/div>\n\t\t\t\t<\/div>\n\t\t\t\t\t<\/div>\n\t\t<\/div>\n\t\t\t\t\t<\/div>\n\t\t<\/section>\n\t\t\t\t<section class=\"elementor-section elementor-top-section elementor-element elementor-element-e6c69be elementor-section-boxed elementor-section-height-default elementor-section-height-default\" data-id=\"e6c69be\" data-element_type=\"section\">\n\t\t\t\t\t\t<div class=\"elementor-container elementor-column-gap-default\">\n\t\t\t\t\t<div class=\"elementor-column elementor-col-100 elementor-top-column elementor-element elementor-element-320aee2\" data-id=\"320aee2\" data-element_type=\"column\">\n\t\t\t<div class=\"elementor-widget-wrap elementor-element-populated\">\n\t\t\t\t\t\t<div class=\"elementor-element elementor-element-fa9b99d elementor-widget elementor-widget-heading\" data-id=\"fa9b99d\" data-element_type=\"widget\" data-widget_type=\"heading.default\">\n\t\t\t\t<div class=\"elementor-widget-container\">\n\t\t\t\t\t<h2 class=\"elementor-heading-title elementor-size-default\">Admission<\/h2>\t\t\t\t<\/div>\n\t\t\t\t<\/div>\n\t\t\t\t<div class=\"elementor-element elementor-element-7e3f4d0 elementor-widget elementor-widget-text-editor\" data-id=\"7e3f4d0\" data-element_type=\"widget\" data-widget_type=\"text-editor.default\">\n\t\t\t\t<div class=\"elementor-widget-container\">\n\t\t\t\t\t\t\t\t\t<p><span style=\"color: #00003f;\">La qualit\u00e9 de vie passe par un accueil pens\u00e9, organis\u00e9 et coordonn\u00e9. C\u2019est une priorit\u00e9 de l\u2019\u00e9tablissement, puisque cela contribuera \u00e0 la r\u00e9ussite de votre int\u00e9gration.<\/span><\/p><p><span style=\"color: #00003f;\">Votre admission \u00e0 l\u2019EHPAD de Langres se fait en 4 \u00e9tapes\u00a0:<\/span><\/p><ul><li><span style=\"color: #00003f;\"><em>la demande de renseignements\u00a0:<\/em> faire une demande de dossier, visiter l\u2019\u00e9tablissement,<\/span><\/li><li><span style=\"color: #00003f;\"><em>la pr\u00e9paration de l\u2019admission\u00a0:<\/em> rencontre avec la secr\u00e9taire afin de pr\u00e9parer au mieux votre entr\u00e9e et votre prise en charge,<\/span><\/li><li><span style=\"color: #00003f;\"><em>l\u2019admission, le 1<sup>er<\/sup> jour d\u2019accueil :<\/em> pr\u00e9sentation des lieux, des r\u00e9sidents, du personnel et de la chambre. Un questionnaire relatif \u00e0 votre histoire, vos attentes, vos habitudes de vie vous sera remis afin de recueillir des informations qui permettront \u00e0 l\u2019\u00e9quipe d\u2019accompagner au mieux votre projet de vie,<\/span><\/li><li><span style=\"color: #00003f;\"><em>les jours suivant l\u2019admission\u00a0:<\/em> vous rencontrerez les soignants r\u00e9f\u00e9rents et un projet de vie individualis\u00e9 sera \u00e9labor\u00e9, afin de r\u00e9pondre au mieux \u00e0 vos souhaits et vos attentes.<\/span><\/li><\/ul><p><span style=\"color: #00003f;\"><strong><u>Le dossier administratif comporte\u00a0:<\/u><\/strong><\/span><\/p><ul><li><span style=\"color: #00003f;\">L\u2019attestation de la carte vitale et de la mutuelle<\/span><\/li><li><span style=\"color: #00003f;\">Un relev\u00e9 d&rsquo;identit\u00e9 bancaire ou postale (RIB\/RIP)<\/span><\/li><li><span style=\"color: #00003f;\">La copie du livret de famille s&rsquo;il y a eu mariage et\/ou enfants(s), et pour les c\u00e9libataires sans enfants ou extrait d\u2019acte de naissance<\/span><\/li><li><span style=\"color: #00003f;\">La copie de l&rsquo;avis d&rsquo;imposition fiscale de l&rsquo;ann\u00e9e en cours<\/span><\/li><li><span style=\"color: #00003f;\">Les justificatifs de ressources d\u00e9clar\u00e9s<\/span><\/li><li><span style=\"color: #00003f;\">L\u2019attestation d&rsquo;assurance responsabilit\u00e9 civile du dernier domicile (\u00e0 demander \u00e0 l&rsquo;assureur du domicile)<\/span><\/li><\/ul><p><span style=\"color: #00003f;\"><strong><u>Le dossier m\u00e9dical comporte\u00a0:<\/u><\/strong><\/span><\/p><p><span style=\"color: #00003f;\">L\u2019\u00e9valuation de l\u2019\u00e9tat de sant\u00e9 de la personne et de son autonomie.<\/span><\/p>\t\t\t\t\t\t\t\t<\/div>\n\t\t\t\t<\/div>\n\t\t\t\t\t<\/div>\n\t\t<\/div>\n\t\t\t\t\t<\/div>\n\t\t<\/section>\n\t\t\t\t<section class=\"elementor-section elementor-top-section elementor-element elementor-element-0df2c0d elementor-section-boxed elementor-section-height-default elementor-section-height-default\" data-id=\"0df2c0d\" data-element_type=\"section\">\n\t\t\t\t\t\t<div class=\"elementor-container elementor-column-gap-default\">\n\t\t\t\t\t<div class=\"elementor-column elementor-col-100 elementor-top-column elementor-element elementor-element-0d578e7\" data-id=\"0d578e7\" data-element_type=\"column\">\n\t\t\t<div class=\"elementor-widget-wrap elementor-element-populated\">\n\t\t\t\t\t\t<div class=\"elementor-element elementor-element-b43ae68 elementor-widget elementor-widget-heading\" data-id=\"b43ae68\" data-element_type=\"widget\" data-widget_type=\"heading.default\">\n\t\t\t\t<div class=\"elementor-widget-container\">\n\t\t\t\t\t<h2 class=\"elementor-heading-title elementor-size-default\">R\u00e9capitulatif<\/h2>\t\t\t\t<\/div>\n\t\t\t\t<\/div>\n\t\t\t\t<div class=\"elementor-element elementor-element-0424405 elementor-widget elementor-widget-text-editor\" data-id=\"0424405\" data-element_type=\"widget\" data-widget_type=\"text-editor.default\">\n\t\t\t\t<div class=\"elementor-widget-container\">\n\t\t\t\t\t\t\t\t\t<p><span style=\"color: #00003f;\">Votre venue \u00e0 l\u2019EHPAD implique, pour vous et vos proches, un changement de rythme de vie, dont nous sommes conscients et qui peut \u00eatre source d&rsquo;inqui\u00e9tude, d&rsquo;angoisse.<\/span><\/p><p><span style=\"color: #00003f;\">Conscient de cette situation, le personnel s&rsquo;engage \u00e0 vous prendre en charge de mani\u00e8re optimale, en vous apportant des soins de qualit\u00e9 et un r\u00e9confort permanent.<\/span><\/p><p><span style=\"color: #00003f;\">Nous esp\u00e9rons gr\u00e2ce \u00e0 ce livret, avoir facilit\u00e9 votre s\u00e9jour et apport\u00e9 les informations pratiques, n\u00e9cessaires pour mieux vivre votre s\u00e9jour dans l&rsquo;\u00e9tablissement.<\/span><\/p><p><span style=\"color: #00003f;\">Durant votre s\u00e9jour et afin d\u2019am\u00e9liorer nos prestations, nous serions heureux de conna\u00eetre vos impressions (appr\u00e9ciations, suggestions, critiques), par le biais du questionnaire de satisfaction qui vous sera remis.<\/span><\/p><p><span style=\"color: #00003f;\">Vos r\u00e9ponses seront analys\u00e9es afin d&rsquo;am\u00e9liorer nos prestations.<\/span><\/p><p><span style=\"color: #00003f;\">Toute l\u2019\u00e9quipe est heureuse de vous accueillir.<\/span><\/p><p><span style=\"color: #00003f;\"><strong>Charte des Droits et Libert\u00e9s de la Personne Accueillie<\/strong><\/span><\/p><p><span style=\"color: #00003f;\"><em>Arr\u00eat\u00e9 du 8 septembre 2003 relatif \u00e0 la charte des droits et libert\u00e9s de la personne accueillie, mentionn\u00e9e \u00e0 l\u2019article L. 311-4 du code\u00a0 de l\u2019action sociale et des familles<\/em><\/span><\/p><ol><li><span style=\"color: #00003f;\"><strong> Principe de non-discrimination<\/strong><\/span><\/li><\/ol><p><span style=\"color: #00003f;\">Dans le respect des conditions particuli\u00e8res de la prise en charge et d\u2019accompagnement, pr\u00e9vues par la loi, nul ne peut faire l\u2019objet d\u2019une discrimination \u00e0 raison de son origine, notamment \u00e9thique ou sociale, de son apparence physique, de ses convictions, notamment politiques ou religieuses, lors d\u2019une prise en charge ou d\u2019un accompagnement, social ou m\u00e9dico-social.<\/span><\/p><ol start=\"2\"><li><span style=\"color: #00003f;\"><strong> Droit \u00e0 une prise en charge ou \u00e0 un accompagnement adapt\u00e9<\/strong><\/span><\/li><\/ol><p><span style=\"color: #00003f;\">La personne doit se voir proposer une prise en charge ou un accompagnement, individualis\u00e9 et le plus adapt\u00e9 possible \u00e0 ses besoins, dans la continuit\u00e9 des interventions.<\/span><\/p><ol start=\"3\"><li><span style=\"color: #00003f;\"><strong> Droit \u00e0 l\u2019information<\/strong><\/span><\/li><\/ol><p><span style=\"color: #00003f;\">La personne b\u00e9n\u00e9ficiaire de prestations ou de services a droit \u00e0 une information claire, compr\u00e9hensible et adapt\u00e9e sur la prise en charge et l\u2019accompagnement demand\u00e9s ou dont elle b\u00e9n\u00e9ficie ainsi que sur ses droits et sur l\u2019organisation et le fonctionnement de l\u2019\u00e9tablissement, du service ou de la forme de prise en charge ou d\u2019accompagnement. La\u00a0 personne doit \u00e9galement \u00eatre inform\u00e9e sur les associations d\u2019usagers \u0153uvrant dans le m\u00eame domaine.<\/span><\/p><p><span style=\"color: #00003f;\">La personne a acc\u00e8s aux informations la concernant dans les conditions pr\u00e9vues par la loi ou la r\u00e9glementation. La communication de ces informations ou documents par les personnes habilit\u00e9es \u00e0 les communiquer en vertu de la loi s\u2019effectue avec un accompagnement adapt\u00e9 de nature psychologique, m\u00e9dicale, th\u00e9rapeutique ou socio-\u00e9ducative.<\/span><\/p><ol start=\"4\"><li><span style=\"color: #00003f;\"><strong> Principe du libre choix, du consentement \u00e9clair\u00e9 et de la participation de la personne<\/strong><\/span><\/li><\/ol><p><span style=\"color: #00003f;\">Dans le respect des dispositions l\u00e9gales, des d\u00e9cisions de justice ou des mesures de protection judiciaire ainsi que les d\u00e9cisions d\u2019orientation\u00a0:<\/span><\/p><p><span style=\"color: #00003f;\">1-\u00a0La personne dispose du libre choix entre les prestations adapt\u00e9es qui lui sont offertes soit dans le cadre d\u2019un service \u00e0 son domicile, soit dans le cadre de son admission dans un \u00e9tablissement ou service, soit dans le cadre de tout mode d\u2019accompagnement ou de prise en charge\u00a0;<\/span><\/p><p><span style=\"color: #00003f;\">2-\u00a0Le consentement \u00e9clair\u00e9 de la personne doit \u00eatre recherch\u00e9 en l\u2019informant, par tous les moyens adapt\u00e9s \u00e0 sa situation, des conditions et cons\u00e9quences de la prise en charge et de l\u2019accompagnement et en veillant \u00e0 sa compr\u00e9hension.<\/span><\/p><p><span style=\"color: #00003f;\">3-\u00a0Le droit \u00e0 la participation directe, ou avec l\u2019aide de son repr\u00e9sentant l\u00e9gal, \u00e0 la conception et \u00e0 la mise en \u0153uvre du projet d\u2019accueil et d\u2019accompagnement qui la concerne lui est garanti.<\/span><\/p><p><span style=\"color: #00003f;\">Lorsque l\u2019expression par la personne d\u2019un choix ou d\u2019un consentement \u00e9clair\u00e9 n\u2019est pas possible en raison de son jeune \u00e2ge, ce choix ou ce consentement est exerc\u00e9 par la famille ou le repr\u00e9sentant l\u00e9gal aupr\u00e8s de l\u2019\u00e9tablissement, du service ou dans le cadre des autres formes de prise en charge et d\u2019accompagnement. Ce choix ou ce consentement est \u00e9galement effectu\u00e9 par le repr\u00e9sentant l\u00e9gal lorsque l\u2019\u00e9tat de la personne ne lui permet pas de l\u2019exercer directement.<\/span><\/p><p><span style=\"color: #00003f;\">Pour ce qui concerne les prestations de soins d\u00e9livr\u00e9es par les \u00e9tablissements ou services m\u00e9dico-sociaux, la personne b\u00e9n\u00e9ficie des conditions d\u2019expression et de repr\u00e9sentation qui figurent au code de la sant\u00e9 publique.<\/span><\/p><p><span style=\"color: #00003f;\">La personne peut \u00eatre accompagn\u00e9e de la personne de son choix lors des d\u00e9marches n\u00e9cessit\u00e9es par la prise en charge ou l\u2019accompagnement.<\/span><\/p><ol start=\"5\"><li><span style=\"color: #00003f;\"><strong> Droit \u00e0 la renonciation<\/strong><\/span><\/li><\/ol><p><span style=\"color: #00003f;\">La personne peut \u00e0 tout moment renoncer par \u00e9crit aux prestations dont elle b\u00e9n\u00e9ficie ou en demander le changement dans les conditions de capacit\u00e9s, d\u2019\u00e9coute et d\u2019expression ainsi que de communication pr\u00e9vues par la pr\u00e9sente charte, dans le respect des d\u00e9cisions de justice ou mesure de protection judiciaire, des d\u00e9cisions d\u2019orientation et des proc\u00e9dures de r\u00e9vision existantes en ces domaines.<\/span><\/p><ol start=\"6\"><li><span style=\"color: #00003f;\"><strong> Droit au respect des liens familiaux<\/strong><\/span><\/li><\/ol><p><span style=\"color: #00003f;\">La prise en charge ou l\u2019accompagnement doit favoriser le maintien des liens familiaux et tendre \u00e0 \u00e9viter la s\u00e9paration des familles ou des fratries prises en charge, dans le respect des souhaits de la personne, de la nature de la prestation dont elle b\u00e9n\u00e9ficie et des d\u00e9cisions de justice. En particulier, les \u00e9tablissements et les services assurant l\u2019accueil et la prise en charge ou l\u2019accompagnement des mineurs, des jeunes majeurs ou des personnes et familles en difficult\u00e9s ou en situation de d\u00e9tresse prennent, en relation avec les autorit\u00e9s publiques comp\u00e9tentes et les autres intervenants, toute mesure utile \u00e0 cette fin.<\/span><\/p><p><span style=\"color: #00003f;\">Dans le respect du projet d\u2019accueil et d\u2019accompagnement individualis\u00e9 et du souhait de la personne, la participation de la famille aux activit\u00e9s de la vie quotidienne est favoris\u00e9e.<\/span><\/p><ol start=\"7\"><li><span style=\"color: #00003f;\"><strong> Droit \u00e0 la protection<\/strong><\/span><\/li><\/ol><p><span style=\"color: #00003f;\">Il est garanti \u00e0 la personne comme \u00e0 ses repr\u00e9sentants l\u00e9gaux et \u00e0 sa famille, par l\u2019ensemble des personnels ou personnes r\u00e9alisant une prise en charge ou un accompagnement, le respect de la confidentialit\u00e9 des informations la concernant dans le cadre des lois existantes.<\/span><\/p><p><span style=\"color: #00003f;\">Il lui est \u00e9galement garanti le droit \u00e0 la protection, le droit \u00e0 la s\u00e9curit\u00e9, y compris sanitaire et alimentaire, le droit \u00e0 la sant\u00e9 et aux soins, le droit \u00e0 un suivi m\u00e9dical adapt\u00e9.<\/span><\/p><ol start=\"8\"><li><span style=\"color: #00003f;\"><strong> Droit \u00e0 l\u2019autonomie<\/strong><\/span><\/li><\/ol><p><span style=\"color: #00003f;\">Dans les limites d\u00e9finies dans le cadre de la r\u00e9alisation de sa prise en charge ou de son accompagnement et sous r\u00e9serve des d\u00e9cisions de justice, des obligations contractuelles ou li\u00e9es \u00e0 la prestation dont elle b\u00e9n\u00e9ficie et des mesures de tutelle ou de curatelle renforc\u00e9e, il est garanti \u00e0 la personne la possibilit\u00e9 de circuler librement. A cet \u00e9gard, les relations avec la soci\u00e9t\u00e9, les visites dans l\u2019institution, \u00e0 l\u2019ext\u00e9rieur de celle-ci, sont favoris\u00e9es.<\/span><\/p><p><span style=\"color: #00003f;\">Dans les m\u00eames limites et sous les m\u00eames r\u00e9serves, la personne r\u00e9sidente peut, pendant la dur\u00e9e de son s\u00e9jour, conserver des biens, effets et objets personnels et, lorsqu\u2019elle est majeure, disposer de son patrimoine et de ses revenus.<\/span><\/p><ol start=\"9\"><li><span style=\"color: #00003f;\"><strong> Principe de pr\u00e9vention et de soutien<\/strong><\/span><\/li><\/ol><p><span style=\"color: #00003f;\">Les cons\u00e9quences affectives et sociales qui peuvent r\u00e9sulter de la prise en charge ou de l\u2019accompagnement doivent \u00eatre prises en consid\u00e9ration. Il doit en \u00eatre tenu compte dans les objectifs individuels de prise en charge et d\u2019accompagnement.<\/span><\/p><p><span style=\"color: #00003f;\">Le r\u00f4le des familles, des repr\u00e9sentants l\u00e9gaux ou des proches qui entourent de leurs soins la personne accueillie doit \u00eatre facilit\u00e9 avec son accord par l\u2019institution, dans le respect du projet d\u2019accueil et d\u2019accompagnement individualis\u00e9 et des d\u00e9cisions de justice.<\/span><\/p><p><span style=\"color: #00003f;\">Les moments de fin de vie doivent faire l\u2019objet de soins, d\u2019assistance et de soutien adapt\u00e9s dans le respect des pratiques religieuses ou confessionnelles et convictions tant de la personne que de ses proches ou repr\u00e9sentants.<\/span><\/p><ol start=\"10\"><li><span style=\"color: #00003f;\"><strong> Droit \u00e0 l\u2019exercice des droits civiques attribu\u00e9s \u00e0 la personne accueillie<\/strong><\/span><\/li><\/ol><p><span style=\"color: #00003f;\">L\u2019exercice effectif de la totalit\u00e9 des droits civiques attribu\u00e9s aux personnes accueillies et des libert\u00e9s individuelles est facilit\u00e9 par l\u2019institution, qui prend \u00e0 cet effet toutes mesures utiles dans le respect, si n\u00e9cessaire, des d\u00e9cisions de justice.<\/span><\/p><ol start=\"11\"><li><span style=\"color: #00003f;\"><strong> Droit \u00e0 la pratique religieuse<\/strong><\/span><\/li><\/ol><p><span style=\"color: #00003f;\">Les conditions de la pratique religieuse, y compris la visite de repr\u00e9sentants de diff\u00e9rentes confessions, doivent \u00eatre facilit\u00e9es, sans que celles-ci puissent faire obstacle aux missions des \u00e9tablissements ou services. Les personnels et les b\u00e9n\u00e9ficiaires s\u2019obligent \u00e0 un respect mutuel des croyances, convictions et opinions. Ce droit \u00e0 la pratique religieuse s\u2019exerce dans le respect de la libert\u00e9 d\u2019autrui et sous r\u00e9serve que son exercice ne trouble pas le fonctionnement normal des \u00e9tablissements et services.<\/span><\/p><ol start=\"12\"><li><span style=\"color: #00003f;\"><strong> Respect de la dignit\u00e9 de la personne et de son intimit\u00e9<\/strong><\/span><\/li><\/ol><p><span style=\"color: #00003f;\">Le respect de la dignit\u00e9 et de l\u2019int\u00e9grit\u00e9 de la personne est garanti. Hors la n\u00e9cessit\u00e9 exclusive et objective de la r\u00e9alisation de la prise en charge ou de l\u2019accompagnement, le droit \u00e0 l\u2019intimit\u00e9 doit \u00eatre pr\u00e9serv\u00e9.<\/span><\/p>\t\t\t\t\t\t\t\t<\/div>\n\t\t\t\t<\/div>\n\t\t\t\t\t<\/div>\n\t\t<\/div>\n\t\t\t\t\t<\/div>\n\t\t<\/section>\n\t\t\t\t<section class=\"elementor-section elementor-top-section elementor-element elementor-element-d216c60 elementor-section-boxed elementor-section-height-default elementor-section-height-default\" data-id=\"d216c60\" data-element_type=\"section\">\n\t\t\t\t\t\t<div class=\"elementor-container elementor-column-gap-default\">\n\t\t\t\t\t<div class=\"elementor-column elementor-col-100 elementor-top-column elementor-element elementor-element-073466d\" data-id=\"073466d\" data-element_type=\"column\">\n\t\t\t<div class=\"elementor-widget-wrap elementor-element-populated\">\n\t\t\t\t\t\t<div class=\"elementor-element elementor-element-bf906e5 elementor-widget elementor-widget-heading\" data-id=\"bf906e5\" data-element_type=\"widget\" data-widget_type=\"heading.default\">\n\t\t\t\t<div class=\"elementor-widget-container\">\n\t\t\t\t\t<h2 class=\"elementor-heading-title elementor-size-default\">Lexique<\/h2>\t\t\t\t<\/div>\n\t\t\t\t<\/div>\n\t\t\t\t<div class=\"elementor-element elementor-element-e961b9c elementor-widget elementor-widget-text-editor\" data-id=\"e961b9c\" data-element_type=\"widget\" data-widget_type=\"text-editor.default\">\n\t\t\t\t<div class=\"elementor-widget-container\">\n\t\t\t\t\t\t\t\t\t<p><span style=\"color: #00003f;\"><strong><u>EHPAD<\/u><\/strong>\u00a0: Etablissement d\u2019H\u00e9bergement pour Personnes Ag\u00e9es D\u00e9pendantes.<\/span><\/p><p><span style=\"color: #00003f;\"><strong><u>Convention tripartite<\/u><\/strong><\/span><\/p><p><span style=\"color: #00003f;\">Elle d\u00e9termine les moyens \u00e0 mettre en \u0153uvre pour atteindre les objectifs \u00e9nonc\u00e9s ci-dessous, dans le cadre de chacune des sections tarifaires (h\u00e9bergement, d\u00e9pendance, soins) d\u00e9finies, d\u00e8s la signature de la convention et au cours de chacun des exercices budg\u00e9taires, jusqu\u2019\u00e0 son terme.<\/span><\/p><p><span style=\"color: #00003f;\">Les objectifs sont bas\u00e9s sur\u00a0:<\/span><\/p><ul><li><span style=\"color: #00003f;\">Le principe d\u2019am\u00e9lioration en continu de la qualit\u00e9, en conformit\u00e9 avec \u00ab\u00a0la charte des droits et libert\u00e9s de la personne \u00e2g\u00e9e d\u00e9pendante\u00a0\u00bb, lui garantissant les meilleures conditions de vie, d\u2019accompagnement et de soins.<\/span><\/li><li><span style=\"color: #00003f;\">Le principe de transparence du fonctionnement de l\u2019institution, d\u00e9fini dans le projet institutionnel, le r\u00e8glement de fonctionnement et le contrat de s\u00e9jour et dans le respect des r\u00e8gles d\u00e9ontologiques et \u00e9thiques en vigueur.<\/span><\/li><\/ul><p><span style=\"color: #00003f;\"><strong><u>M\u00e9thode HACCP<\/u><\/strong><\/span><\/p><p><span style=\"color: #00003f;\">C\u2019est une m\u00e9thode qui identifie et ma\u00eetrise les dangers en s\u00e9curit\u00e9 alimentaire.<\/span><\/p>\t\t\t\t\t\t\t\t<\/div>\n\t\t\t\t<\/div>\n\t\t\t\t\t<\/div>\n\t\t<\/div>\n\t\t\t\t\t<\/div>\n\t\t<\/section>\n\t\t\t\t<section class=\"elementor-section elementor-top-section elementor-element elementor-element-e5db460 elementor-section-boxed elementor-section-height-default elementor-section-height-default\" data-id=\"e5db460\" data-element_type=\"section\">\n\t\t\t\t\t\t<div class=\"elementor-container elementor-column-gap-default\">\n\t\t\t\t\t<div class=\"elementor-column elementor-col-100 elementor-top-column elementor-element elementor-element-d025e8f\" data-id=\"d025e8f\" data-element_type=\"column\">\n\t\t\t<div class=\"elementor-widget-wrap elementor-element-populated\">\n\t\t\t\t\t\t<div class=\"elementor-element elementor-element-71ba493 elementor-widget elementor-widget-heading\" data-id=\"71ba493\" data-element_type=\"widget\" data-widget_type=\"heading.default\">\n\t\t\t\t<div class=\"elementor-widget-container\">\n\t\t\t\t\t<h2 class=\"elementor-heading-title elementor-size-default\">Personnel<\/h2>\t\t\t\t<\/div>\n\t\t\t\t<\/div>\n\t\t\t\t<div class=\"elementor-element elementor-element-34f84db elementor-widget elementor-widget-text-editor\" data-id=\"34f84db\" data-element_type=\"widget\" data-widget_type=\"text-editor.default\">\n\t\t\t\t<div class=\"elementor-widget-container\">\n\t\t\t\t\t\t\t\t\t<p><span style=\"color: #00003f;\">L\u2019\u00e9quipe est pluridisciplinaire. Chaque agent participe \u00e0 la prise en charge globale et adapt\u00e9e aux besoins des r\u00e9sidents. Les comp\u00e9tences de chacun sont mises au service de la personne \u00e2g\u00e9e dans le but d\u2019assurer des prestations de qualit\u00e9 dans les domaines de l\u2019accueil, de l\u2019h\u00f4tellerie, des loisirs et des soins.<\/span><\/p><p><span style=\"color: #00003f;\">118 agents concourent \u2013 directement ou indirectement \u2013 au fonctionnement de l\u2019EHPAD.<\/span><\/p>\t\t\t\t\t\t\t\t<\/div>\n\t\t\t\t<\/div>\n\t\t\t\t\t<\/div>\n\t\t<\/div>\n\t\t\t\t\t<\/div>\n\t\t<\/section>\n\t\t\t\t<\/div>\n\t\t","protected":false},"excerpt":{"rendered":"<p>EHPAD &#8211; La Trincassaye Retour \u00e0 l&rsquo;accueil Contact T\u00e9l\u00e9phone : 03.25.87.88.88 Horaires de visites Du lundi au dimanche de 11h30 \u00e0 20h00 Votre sant\u00e9 et votre situation personnelle ou familiale vous ont conduit \u00e0 rechercher un accueil dans un \u00e9tablissement vous offrant la s\u00e9curit\u00e9, des conditions d&rsquo;aide au maintien de votre autonomie, l\u2019acc\u00e8s \u00e0 des [&hellip;]<\/p>\n","protected":false},"author":2,"featured_media":0,"parent":0,"menu_order":0,"comment_status":"closed","ping_status":"closed","template":"","meta":{"ocean_post_layout":"","ocean_both_sidebars_style":"","ocean_both_sidebars_content_width":0,"ocean_both_sidebars_sidebars_width":0,"ocean_sidebar":"","ocean_second_sidebar":"","ocean_disable_margins":"enable","ocean_add_body_class":"","ocean_shortcode_before_top_bar":"","ocean_shortcode_after_top_bar":"","ocean_shortcode_before_header":"","ocean_shortcode_after_header":"","ocean_has_shortcode":"","ocean_shortcode_after_title":"","ocean_shortcode_before_footer_widgets":"","ocean_shortcode_after_footer_widgets":"","ocean_shortcode_before_footer_bottom":"","ocean_shortcode_after_footer_bottom":"","ocean_display_top_bar":"default","ocean_display_header":"default","ocean_header_style":"","ocean_center_header_left_menu":"","ocean_custom_header_template":"","ocean_custom_logo":0,"ocean_custom_retina_logo":0,"ocean_custom_logo_max_width":0,"ocean_custom_logo_tablet_max_width":0,"ocean_custom_logo_mobile_max_width":0,"ocean_custom_logo_max_height":0,"ocean_custom_logo_tablet_max_height":0,"ocean_custom_logo_mobile_max_height":0,"ocean_header_custom_menu":"","ocean_menu_typo_font_family":"","ocean_menu_typo_font_subset":"","ocean_menu_typo_font_size":0,"ocean_menu_typo_font_size_tablet":0,"ocean_menu_typo_font_size_mobile":0,"ocean_menu_typo_font_size_unit":"px","ocean_menu_typo_font_weight":"","ocean_menu_typo_font_weight_tablet":"","ocean_menu_typo_font_weight_mobile":"","ocean_menu_typo_transform":"","ocean_menu_typo_transform_tablet":"","ocean_menu_typo_transform_mobile":"","ocean_menu_typo_line_height":0,"ocean_menu_typo_line_height_tablet":0,"ocean_menu_typo_line_height_mobile":0,"ocean_menu_typo_line_height_unit":"","ocean_menu_typo_spacing":0,"ocean_menu_typo_spacing_tablet":0,"ocean_menu_typo_spacing_mobile":0,"ocean_menu_typo_spacing_unit":"","ocean_menu_link_color":"","ocean_menu_link_color_hover":"","ocean_menu_link_color_active":"","ocean_menu_link_background":"","ocean_menu_link_hover_background":"","ocean_menu_link_active_background":"","ocean_menu_social_links_bg":"","ocean_menu_social_hover_links_bg":"","ocean_menu_social_links_color":"","ocean_menu_social_hover_links_color":"","ocean_disable_title":"default","ocean_disable_heading":"default","ocean_post_title":"","ocean_post_subheading":"","ocean_post_title_style":"","ocean_post_title_background_color":"","ocean_post_title_background":0,"ocean_post_title_bg_image_position":"","ocean_post_title_bg_image_attachment":"","ocean_post_title_bg_image_repeat":"","ocean_post_title_bg_image_size":"","ocean_post_title_height":0,"ocean_post_title_bg_overlay":0.5,"ocean_post_title_bg_overlay_color":"","ocean_disable_breadcrumbs":"default","ocean_breadcrumbs_color":"","ocean_breadcrumbs_separator_color":"","ocean_breadcrumbs_links_color":"","ocean_breadcrumbs_links_hover_color":"","ocean_display_footer_widgets":"default","ocean_display_footer_bottom":"default","ocean_custom_footer_template":"","footnotes":""},"class_list":["post-2033","page","type-page","status-publish","hentry","entry"],"_links":{"self":[{"href":"https:\/\/www.ch-shm.fr\/index.php?rest_route=\/wp\/v2\/pages\/2033","targetHints":{"allow":["GET"]}}],"collection":[{"href":"https:\/\/www.ch-shm.fr\/index.php?rest_route=\/wp\/v2\/pages"}],"about":[{"href":"https:\/\/www.ch-shm.fr\/index.php?rest_route=\/wp\/v2\/types\/page"}],"author":[{"embeddable":true,"href":"https:\/\/www.ch-shm.fr\/index.php?rest_route=\/wp\/v2\/users\/2"}],"replies":[{"embeddable":true,"href":"https:\/\/www.ch-shm.fr\/index.php?rest_route=%2Fwp%2Fv2%2Fcomments&post=2033"}],"version-history":[{"count":39,"href":"https:\/\/www.ch-shm.fr\/index.php?rest_route=\/wp\/v2\/pages\/2033\/revisions"}],"predecessor-version":[{"id":6115,"href":"https:\/\/www.ch-shm.fr\/index.php?rest_route=\/wp\/v2\/pages\/2033\/revisions\/6115"}],"wp:attachment":[{"href":"https:\/\/www.ch-shm.fr\/index.php?rest_route=%2Fwp%2Fv2%2Fmedia&parent=2033"}],"curies":[{"name":"wp","href":"https:\/\/api.w.org\/{rel}","templated":true}]}}